{"id":14132,"date":"2020-08-28T15:07:33","date_gmt":"2020-08-28T13:07:33","guid":{"rendered":"https:\/\/www.inov-on-experience.fr\/ils-en-parlent-mieux-que-nous\/"},"modified":"2023-03-08T10:28:55","modified_gmt":"2023-03-08T09:28:55","slug":"testimonials","status":"publish","type":"page","link":"https:\/\/www.inov-on-experience.fr\/en\/testimonials\/","title":{"rendered":"Testimonials"},"content":{"rendered":"<p>[et_pb_section fb_built=&#8221;1&#8243; disabled_on=&#8221;on|on|on&#8221; _builder_version=&#8221;4.4.9&#8243; da_disable_devices=&#8221;off|off|off&#8221; disabled=&#8221;on&#8221; da_is_popup=&#8221;off&#8221; da_exit_intent=&#8221;off&#8221; da_has_close=&#8221;on&#8221; da_alt_close=&#8221;off&#8221; da_dark_close=&#8221;off&#8221; da_not_modal=&#8221;on&#8221; da_is_singular=&#8221;off&#8221; da_with_loader=&#8221;off&#8221; da_has_shadow=&#8221;on&#8221;][et_pb_row column_structure=&#8221;1_2,1_2&#8243; _builder_version=&#8221;4.4.9&#8243;][et_pb_column type=&#8221;1_2&#8243; _builder_version=&#8221;4.4.9&#8243;][et_pb_toggle title=&#8221;\u201cRendre mes \u00e9quipes plus agiles et revisiter le management de mon organisation\u201d &#8211; Nejma OUADI&#8221; admin_label=&#8221;Nejma OUADI&#8221; _builder_version=&#8221;4.4.9&#8243;]<\/p>\n<p><span data-sheets-value=\"{&quot;1&quot;:2,&quot;2&quot;:&quot;Dans le domaine des t\u00e9l\u00e9coms, les choses vont tr\u00e8s vite et il nous faut savoir nous adapter et r\u00e9agir tr\u00e8s rapidement face aux enjeux business du moment. Pour cela, il nous faut embarquer tout le monde et \u00e0 tous les niveaux de la hi\u00e9rarchie, en osant aller beaucoup plus loin dans la co construction.\\nJ\u2019ai rencontr\u00e9 Alexandre dans le cadre d\u2019un s\u00e9minaire inter-entreprises il y a plus d\u2019un an maintenant, et son exp\u00e9rience, partag\u00e9e avec nous lors de ce s\u00e9minaire, m\u2019a donn\u00e9 envie de me lancer dans ce type de d\u00e9marche avec mon \u00e9quipe manag\u00e9riale. C\u2019est donc naturellement que je l\u2019ai sollicit\u00e9 pour nous accompagner dans cette aventure.\\n\\nNous avons travaill\u00e9 ensemble pendant plusieurs mois, d\u2019abord en partageant sur le sens de tout \u00e7a, sur nos convictions profondes, sur les valeurs qui nous animent puis sur la mani\u00e8re dont nous allions travailler avec nos \u00e9quipes pour faire \u00e9merger de nouvelles m\u00e9thodes de travail autour de la co-construction et du collectif.\\n\\nCollectivement, ce travail a renforc\u00e9 tr\u00e8s fortement nos liens et notre collectif manag\u00e9rial. Bien plus que je ne l\u2019imaginais\u2026 Des personnes se sont r\u00e9v\u00e9l\u00e9es, le collectif a \u00e9t\u00e9 renforc\u00e9. Au-del\u00e0 de cela, nous avons progressivement fait \u00e9voluer nos pratiques manag\u00e9riales et nous avons et continuons \u00e0 tester beaucoup de choses au sein de notre unit\u00e9, en impliquant l\u2019ensemble de nos collaborateurs.\\n\\nA titre personnel, ce cheminement m\u2019a permis de re questionner en profondeur mes pratiques manag\u00e9riales. J\u2019ai parfois travers\u00e9 des zones d\u2019inconfort car j\u2019ai but\u00e9 sur certaines de mes croyances\u2026. Je revisite encore aujourd\u2019hui mes modes de fonctionnement, j\u2019avance pas \u00e0 pas avec mes \u00e9quipes\u2026 et j\u2019ai le sentiment d\u2019en ressortir plus forte, plus sereine, plus align\u00e9e\u2026&quot;}\" data-sheets-userformat=\"{&quot;2&quot;:897,&quot;3&quot;:{&quot;1&quot;:0},&quot;10&quot;:0,&quot;11&quot;:4,&quot;12&quot;:0}\">Dans le domaine des t\u00e9l\u00e9coms, les choses vont tr\u00e8s vite et il nous faut savoir nous adapter et r\u00e9agir tr\u00e8s rapidement face aux enjeux business du moment. Pour cela, il nous faut embarquer tout le monde et \u00e0 tous les niveaux de la hi\u00e9rarchie, en osant aller beaucoup plus loin dans la co construction.<br \/>J\u2019ai rencontr\u00e9 Alexandre dans le cadre d\u2019un s\u00e9minaire inter-entreprises il y a plus d\u2019un an maintenant, et son exp\u00e9rience, partag\u00e9e avec nous lors de ce s\u00e9minaire, m\u2019a donn\u00e9 envie de me lancer dans ce type de d\u00e9marche avec mon \u00e9quipe manag\u00e9riale. C\u2019est donc naturellement que je l\u2019ai sollicit\u00e9 pour nous accompagner dans cette aventure.<\/span><\/p>\n<p>Nous avons travaill\u00e9 ensemble pendant plusieurs mois, d\u2019abord en partageant sur le sens de tout \u00e7a, sur nos convictions profondes, sur les valeurs qui nous animent puis sur la mani\u00e8re dont nous allions travailler avec nos \u00e9quipes pour faire \u00e9merger de nouvelles m\u00e9thodes de travail autour de la co-construction et du collectif.<\/p>\n<p>Collectivement, ce travail a renforc\u00e9 tr\u00e8s fortement nos liens et notre collectif manag\u00e9rial. Bien plus que je ne l\u2019imaginais\u2026 Des personnes se sont r\u00e9v\u00e9l\u00e9es, le collectif a \u00e9t\u00e9 renforc\u00e9. Au-del\u00e0 de cela, nous avons progressivement fait \u00e9voluer nos pratiques manag\u00e9riales et nous avons et continuons \u00e0 tester beaucoup de choses au sein de notre unit\u00e9, en impliquant l\u2019ensemble de nos collaborateurs.<\/p>\n<p>A titre personnel, ce cheminement m\u2019a permis de re questionner en profondeur mes pratiques manag\u00e9riales. J\u2019ai parfois travers\u00e9 des zones d\u2019inconfort car j\u2019ai but\u00e9 sur certaines de mes croyances\u2026. Je revisite encore aujourd\u2019hui mes modes de fonctionnement, j\u2019avance pas \u00e0 pas avec mes \u00e9quipes\u2026 et j\u2019ai le sentiment d\u2019en ressortir plus forte, plus sereine, plus align\u00e9e\u2026<\/p>\n<p><span style=\"font-weight: 400;\"><strong>Nejma OUADI<\/strong>, Orange<\/span><\/p>\n<p><span style=\"font-weight: 400;\">Vous souhaitez initier une r\u00e9organisation en profondeur de votre organisation pour \u00eatre en phase avec votre vision et vos valeurs ? <\/span><span style=\"font-weight: 400;\"><br \/><\/span><b>CTA : <\/b><b><i>D\u00e9couvrir notre parcours entreprise\u00a0<\/i><\/b><\/p>\n<p>[\/et_pb_toggle][et_pb_toggle title=&#8221;\u201cCr\u00e9er un d\u00e9clic aupr\u00e8s du Codir\u201d &#8211; Jacques HUYBRECHTS&#8221; admin_label=&#8221;Jacques HUYBRECHTS&#8221; _builder_version=&#8221;4.4.9&#8243;]<\/p>\n<p><span data-sheets-value=\"{&quot;1&quot;:2,&quot;2&quot;:&quot;J\u2019anime \u00ab Entrepreneurs d\u2019avenir \u00bb dans lequel se retrouvent des chefs d\u2019entreprise sensibles et engag\u00e9s, des dirigeants qui ont une certaine id\u00e9e du management : un management tourn\u00e9 vers le respect de l\u2019individu, le bien-\u00eatre au travail, le d\u00e9veloppement durable\u2026 Dans ce cadre, j\u2019organise r\u00e9guli\u00e8rement des \u00e9v\u00e9nements. Cette fois, l\u2019id\u00e9e \u00e9tait d\u2019immerger les chefs d\u2019entreprise (pour beaucoup issus de PME et TPE et quelques-uns de grosses entit\u00e9s) pendant une demi-journ\u00e9e, dans le monde des Entreprises lib\u00e9r\u00e9es. Alexandre a tr\u00e8s bien port\u00e9 la conf\u00e9rence. Malgr\u00e9 mes craintes, celle-ci n\u2019a pas \u00e9t\u00e9 longue du tout. Son r\u00e9cit a \u00e9t\u00e9 tr\u00e8s inspirant, une r\u00e9elle d\u00e9couverte pour beaucoup des participants. Je lui ai fait confiance sur la fa\u00e7on de mener la matin\u00e9e et j\u2019ai eu raison. Alexandre a commenc\u00e9 par une pr\u00e9sentation didactique dans laquelle il a abord\u00e9 les diff\u00e9rents types d\u2019entreprises (classiques versus lib\u00e9r\u00e9es), puis il a continu\u00e9 sur l\u2019histoire d\u2019inov-On pour arriver sur le chantier de Lib\u00e9ration \u00e0 proprement parl\u00e9. La matin\u00e9e s\u2019est clos par des \u00e9changes avec les participants.\\n\\nLe ressenti g\u00e9n\u00e9ral a vraiment \u00e9t\u00e9 positif. Les participants ont \u00e9t\u00e9 tr\u00e8s favorablement inspir\u00e9s (avec, pour les dirigeants de grandes entreprises, une r\u00e9serve due aux limites d\u2019un grand groupe). Pour ma part, j\u2019aimerais beaucoup d\u00e9velopper cette premi\u00e8re intervention d\u2019Alexandre sur d\u2019autres territoires : que nous allions plus loin, que nous int\u00e9grions cette conf\u00e9rence ailleurs (Lyon, Paris\u2026) car beaucoup de chefs d\u2019entreprise sont demandeurs mais n\u2019ont pas pu se d\u00e9placer jusqu\u2019\u00e0 Bordeaux.&quot;}\" data-sheets-userformat=\"{&quot;2&quot;:897,&quot;3&quot;:{&quot;1&quot;:0},&quot;10&quot;:0,&quot;11&quot;:4,&quot;12&quot;:0}\">J\u2019anime \u00ab Entrepreneurs d\u2019avenir \u00bb dans lequel se retrouvent des chefs d\u2019entreprise sensibles et engag\u00e9s, des dirigeants qui ont une certaine id\u00e9e du management : un management tourn\u00e9 vers le respect de l\u2019individu, le bien-\u00eatre au travail, le d\u00e9veloppement durable\u2026 Dans ce cadre, j\u2019organise r\u00e9guli\u00e8rement des \u00e9v\u00e9nements. Cette fois, l\u2019id\u00e9e \u00e9tait d\u2019immerger les chefs d\u2019entreprise (pour beaucoup issus de PME et TPE et quelques-uns de grosses entit\u00e9s) pendant une demi-journ\u00e9e, dans le monde des Entreprises lib\u00e9r\u00e9es. Alexandre a tr\u00e8s bien port\u00e9 la conf\u00e9rence. Malgr\u00e9 mes craintes, celle-ci n\u2019a pas \u00e9t\u00e9 longue du tout. Son r\u00e9cit a \u00e9t\u00e9 tr\u00e8s inspirant, une r\u00e9elle d\u00e9couverte pour beaucoup des participants. Je lui ai fait confiance sur la fa\u00e7on de mener la matin\u00e9e et j\u2019ai eu raison. Alexandre a commenc\u00e9 par une pr\u00e9sentation didactique dans laquelle il a abord\u00e9 les diff\u00e9rents types d\u2019entreprises (classiques versus lib\u00e9r\u00e9es), puis il a continu\u00e9 sur l\u2019histoire d\u2019inov-On pour arriver sur le chantier de Lib\u00e9ration \u00e0 proprement parl\u00e9. La matin\u00e9e s\u2019est clos par des \u00e9changes avec les participants.<\/span><\/p>\n<p>Le ressenti g\u00e9n\u00e9ral a vraiment \u00e9t\u00e9 positif. Les participants ont \u00e9t\u00e9 tr\u00e8s favorablement inspir\u00e9s (avec, pour les dirigeants de grandes entreprises, une r\u00e9serve due aux limites d\u2019un grand groupe). Pour ma part, j\u2019aimerais beaucoup d\u00e9velopper cette premi\u00e8re intervention d\u2019Alexandre sur d\u2019autres territoires : que nous allions plus loin, que nous int\u00e9grions cette conf\u00e9rence ailleurs (Lyon, Paris\u2026) car beaucoup de chefs d\u2019entreprise sont demandeurs mais n\u2019ont pas pu se d\u00e9placer jusqu\u2019\u00e0 Bordeaux.<\/p>\n<p><span style=\"font-weight: 400;\"><strong>Jacques HUYBRECHTS<\/strong>, Entrepreneurs d&#8217;avenir<\/span><\/p>\n<p><span style=\"font-weight: 400;\">Notre atelier d\u00e9couverte de l\u2019entreprise lib\u00e9r\u00e9e vous permet d\u2019approfondir vos r\u00e9flexions pour lancer votre processus de <\/span><span style=\"font-weight: 400;\">transformation manag\u00e9riale.<\/span><span style=\"font-weight: 400;\"><br \/><\/span><b>CTA : <\/b><b><i>D\u00e9couvrir notre journ\u00e9e d\u00e9clic<\/i><\/b><\/p>\n<p>[\/et_pb_toggle][et_pb_toggle title=&#8221;\u201cDonner de l\u2019autonomie et responsabiliser mes \u00e9quipes\u201d &#8211; Directeur g\u00e9n\u00e9ral des services, Collectivit\u00e9 Territoriale&#8221; admin_label=&#8221;Directeur g\u00e9n\u00e9ral des services&#8221; _builder_version=&#8221;4.4.9&#8243;]<\/p>\n<p>Alexandre et Sophie nous accompagnent depuis 8 mois sur un coaching collectif de codir d\u2019une collectivit\u00e9 territoriale de 40 000 habitants. Leur accompagnement nous permet de nous former aux outils d\u2019intelligence collective et par ce biais nous acculture \u00e0 l\u2019entreprise lib\u00e9r\u00e9e. Leur accompagnement exemplaire en m\u00e9thode \u00e9claire la posture de leadeur jardinier que nous devons prendre. La d\u00e9marche de coaching en journ\u00e9es espac\u00e9es (soir\u00e9e veille\/lendemain formation) sur plusieurs mois, permet de garantir la prise de conscience des collaborateurs et de cr\u00e9er les conditions durables de responsabilisation des \u00e9quipes, puisque le codir doit \u00eatre autonome en fin d\u2019accompagnement. Leur accompagnement permet \u00e0 la fois d\u2019identifier le chemin tr\u00e8s exigeant \u00e0 prendre, et que\u2026 c\u2019est possible. Exp\u00e9rience humaine avec eux et mon \u00e9quipe extraordinaire.Pour entreprendre ce voyage, il faut \u00eatre pr\u00eat \u00e0 s\u2019engager dans un chemin int\u00e9rieur tr\u00e8s profond, en termes de d\u00e9veloppement personnel, pour trouver l\u2019humilit\u00e9 propre au p\u00e8lerin qui chemine. C\u2019est un accompagnement qui produit des \u00eatres humains inspirants !<\/p>\n<p><span style=\"font-weight: 400;\"><strong>Directeur g\u00e9n\u00e9ral des services<\/strong>, Collectivit\u00e9 Territoriale<\/span><\/p>\n<p><span style=\"font-weight: 400;\">Apprenez \u00e0 construire et animer des processus <\/span><span style=\"font-weight: 400;\">collaboratifs<\/span><span style=\"font-weight: 400;\"> de fa\u00e7on efficace et ludique.<\/span><span style=\"font-weight: 400;\"><br \/><\/span><b>CTA : <\/b><b><i>Notre formation intelligence collective<\/i><\/b><\/p>\n<p>[\/et_pb_toggle][et_pb_toggle title=&#8221;\u201cFavoriser l&#8217;\u00e9mergence des leaders naturels\u201d &#8211; Directeur g\u00e9n\u00e9ral des services, Collectivit\u00e9 Territoriale&#8221; _builder_version=&#8221;4.4.9&#8243;]<\/p>\n<p><span style=\"font-weight: 400;\"><strong>Directeur g\u00e9n\u00e9ral des services<\/strong>, Collectivit\u00e9 Territoriale<\/span><\/p>\n<p>Apprenez \u00e0 construire et animer des processus collaboratifs de fa\u00e7on efficace et ludique.<\/p>\n<p><b>CTA : <\/b><b><i>Notre formation intelligence collective<\/i><\/b><\/p>\n<p>[\/et_pb_toggle][\/et_pb_column][et_pb_column type=&#8221;1_2&#8243; _builder_version=&#8221;4.4.9&#8243;][et_pb_toggle title=&#8221;\u201cCr\u00e9er un d\u00e9clic en interne et faire accepter le changement \u201d &#8211; Alexandre BOUTIN&#8221; admin_label=&#8221;Alexandre BOUTIN&#8221; _builder_version=&#8221;4.4.9&#8243;]<\/p>\n<p><span data-sheets-value=\"{&quot;1&quot;:2,&quot;2&quot;:&quot;Nous sommes tr\u00e8s satisfaits de l\u2019intervention r\u00e9alis\u00e9e par Alexandre G\u00e9rard lors de la conf\u00e9rence AGILE GRENOBLE qui s\u2019est tenue le 20 novembre 2014. Nous avions demand\u00e9 \u00e0 Alexandre de faire 2 interventions, tout d\u2019abord une pl\u00e9ni\u00e8re en tout d\u00e9but de conf\u00e9rence devant 500 personnes pour lancer l\u2019\u00e9v\u00e9nement sur une bonne dynamique, c\u2019est ce qu\u2019Alexandre a parfaitement r\u00e9alis\u00e9 en racontant avec passion son aventure personnelle de \u00ab lib\u00e9rateur d\u2019entreprise \u00bb.\\n\\nDans l\u2019apr\u00e8s-midi, Alexandre a r\u00e9alis\u00e9 une session en parall\u00e8le des autres sessions du programme, afin de permettre des \u00e9changes libres avec ceux qui avaient des questions, et pr\u00e8s de 250 personnes ont choisi de venir contribuer \u00e0 cette session. Le format en 2 temps a vraiment \u00e9t\u00e9 pl\u00e9biscit\u00e9 par les participants \u00e0 la conf\u00e9rence AGILE GRENOBLE.&quot;}\" data-sheets-userformat=\"{&quot;2&quot;:897,&quot;3&quot;:{&quot;1&quot;:0},&quot;10&quot;:0,&quot;11&quot;:4,&quot;12&quot;:0}\">Nous sommes tr\u00e8s satisfaits de l\u2019intervention r\u00e9alis\u00e9e par Alexandre G\u00e9rard lors de la conf\u00e9rence AGILE GRENOBLE. Nous avions demand\u00e9 \u00e0 Alexandre de faire 2 interventions, tout d\u2019abord une pl\u00e9ni\u00e8re en tout d\u00e9but de conf\u00e9rence devant 500 personnes pour lancer l\u2019\u00e9v\u00e9nement sur une bonne dynamique, c\u2019est ce qu\u2019Alexandre a parfaitement r\u00e9alis\u00e9 en racontant avec passion son aventure personnelle de \u00ab lib\u00e9rateur d\u2019entreprise \u00bb.<\/span><\/p>\n<p>Dans l\u2019apr\u00e8s-midi, Alexandre a r\u00e9alis\u00e9 une session en parall\u00e8le des autres sessions du programme, afin de permettre des \u00e9changes libres avec ceux qui avaient des questions, et pr\u00e8s de 250 personnes ont choisi de venir contribuer \u00e0 cette session. Le format en 2 temps a vraiment \u00e9t\u00e9 pl\u00e9biscit\u00e9 par les participants \u00e0 la conf\u00e9rence AGILE GRENOBLE.<\/p>\n<p><span style=\"font-weight: 400;\"><strong>Alexandre BOUTIN<\/strong>, Agiletoyou<\/span><\/p>\n<p><span style=\"font-weight: 400;\">Si vous souhaitez nous recevoir chez vous pour sensibiliser vos \u00e9quipes ou venir chez nous en pleine immersion, contactez-nous !<\/span><span style=\"font-weight: 400;\"><br \/><\/span><b>CTA : <\/b><b><i>Nous rencontrer<\/i><\/b><\/p>\n<p>[\/et_pb_toggle][et_pb_toggle title=&#8221;\u201cAttirer des talents avec nos valeurs et rester dans l\u2019innovation changement\u201d &#8211; Charlotte et Julien RIVATON&#8221; admin_label=&#8221;Charlotte et Julien RIVATON&#8221; _builder_version=&#8221;4.4.9&#8243;]<\/p>\n<p><span data-sheets-value=\"{&quot;1&quot;:2,&quot;2&quot;:&quot;Nous avons eu l\u2019opportunit\u00e9, la chance de suivre un accompagnement aupr\u00e8s d\u2019Alexandre G\u00e9rard et de Christophe Collignon.\\nQuelques temps avant, nous avions commenc\u00e9 \u00e0 responsabiliser les salari\u00e9s de notre entreprise avec l\u2019intuition que c\u2019\u00e9tait un chemin d\u2019avenir pour attirer de nouveaux talents et \u00eatre une entreprise r\u00e9solument moderne et align\u00e9e avec nos valeurs et notre personnalit\u00e9. Nous savions que cette formation existait mais il n\u2019est pas si simple d\u2019y acc\u00e9der et c\u2019est tant mieux. Nous avons franchi le premier test au t\u00e9l\u00e9phone et l\u00e0 nous avons commenc\u00e9 notre voyage\u2026\\n\\nNos journ\u00e9es d\u2019accompagnement avec Alexandre nous ont permis de capitaliser nos intuitions, de nous former \u00e0 des outils d\u2019Intelligence Collective, de nous interroger sur nos m\u00e9thodes mais aussi sur notre posture de dirigeants. Tout est abord\u00e9 et aucune interrogation n\u2019est laiss\u00e9e de c\u00f4t\u00e9. On repart sans frustration, pr\u00eat \u00e0 avancer sur le chemin de lib\u00e9ration \u00e0 chaque nouvelle journ\u00e9e de formation. Nous avons eu le sentiment d\u2019avoir pu \u00e9viter des \u00e9cueils, partager nos doutes, travailler sur notre projection manag\u00e9riale.\\n\\nNous avons aussi pass\u00e9 du temps dans des lieux inspirants et avons eu l\u2019opportunit\u00e9 d\u2019\u00e9changer avec des interlocuteurs ext\u00e9rieurs d\u2019une tr\u00e8s grande qualit\u00e9. L\u2019organisation de ces sessions est aussi \u00e0 mon sens une pause r\u00e9flexive, tout \u00e0 coup on arr\u00eate de p\u00e9daler et simplement on s\u2019interroge. On ne se pose pas seulement des questions, on s\u2019interroge sur notre plan d\u2019action et nous les dirigeants savons tous que c\u2019est de notre adr\u00e9naline dont il est question. Nous en avons besoin de cette action et la formation s\u2019adresse bien \u00e0 nous.\\n\\nC\u2019est une vraie RESSOURCE et une formation diff\u00e9rente de tout ce qui peut exister o\u00f9 le partage l\u2019humilit\u00e9 et l\u2019excellence sont les maitres mots. Un seul mot MERCI\u2026&quot;}\" data-sheets-userformat=\"{&quot;2&quot;:897,&quot;3&quot;:{&quot;1&quot;:0},&quot;10&quot;:0,&quot;11&quot;:4,&quot;12&quot;:0}\">Nous avons eu l\u2019opportunit\u00e9, la chance de suivre un accompagnement aupr\u00e8s d\u2019Alexandre G\u00e9rard et de Christophe Collignon.<br \/>Quelques temps avant, nous avions commenc\u00e9 \u00e0 responsabiliser les salari\u00e9s de notre entreprise avec l\u2019intuition que c\u2019\u00e9tait un chemin d\u2019avenir pour attirer de nouveaux talents et \u00eatre une entreprise r\u00e9solument moderne et align\u00e9e avec nos valeurs et notre personnalit\u00e9. Nous savions que cette formation existait mais il n\u2019est pas si simple d\u2019y acc\u00e9der et c\u2019est tant mieux. Nous avons franchi le premier test au t\u00e9l\u00e9phone et l\u00e0 nous avons commenc\u00e9 notre voyage\u2026<\/span><\/p>\n<p>Nos journ\u00e9es d\u2019accompagnement avec Alexandre nous ont permis de capitaliser nos intuitions, de nous former \u00e0 des outils d\u2019Intelligence Collective, de nous interroger sur nos m\u00e9thodes mais aussi sur notre posture de dirigeants. Tout est abord\u00e9 et aucune interrogation n\u2019est laiss\u00e9e de c\u00f4t\u00e9. On repart sans frustration, pr\u00eat \u00e0 avancer sur le chemin de lib\u00e9ration \u00e0 chaque nouvelle journ\u00e9e de formation. Nous avons eu le sentiment d\u2019avoir pu \u00e9viter des \u00e9cueils, partager nos doutes, travailler sur notre projection manag\u00e9riale.<\/p>\n<p>Nous avons aussi pass\u00e9 du temps dans des lieux inspirants et avons eu l\u2019opportunit\u00e9 d\u2019\u00e9changer avec des interlocuteurs ext\u00e9rieurs d\u2019une tr\u00e8s grande qualit\u00e9. L\u2019organisation de ces sessions est aussi \u00e0 mon sens une pause r\u00e9flexive, tout \u00e0 coup on arr\u00eate de p\u00e9daler et simplement on s\u2019interroge. On ne se pose pas seulement des questions, on s\u2019interroge sur notre plan d\u2019action et nous les dirigeants savons tous que c\u2019est de notre adr\u00e9naline dont il est question. Nous en avons besoin de cette action et la formation s\u2019adresse bien \u00e0 nous.<\/p>\n<p>C\u2019est une vraie RESSOURCE et une formation diff\u00e9rente de tout ce qui peut exister o\u00f9 le partage l\u2019humilit\u00e9 et l\u2019excellence sont les maitres mots. Un seul mot MERCI\u2026<\/p>\n<p><span style=\"font-weight: 400;\"><strong>Charlotte et Julien RIVATON<\/strong>, Exhibit Group<\/span><\/p>\n<p><span style=\"font-weight: 400;\">Co-construisez avec vos \u00e9quipiers la vision et les valeurs de votre organisation !<\/span><span style=\"font-weight: 400;\"><br \/><\/span><b>CTA : <\/b><b><i>Processus \u201cVision et valeurs\u201d<\/i><\/b><\/p>\n<p>[\/et_pb_toggle][et_pb_toggle title=&#8221;\u201cD\u00e9velopper une organisation sans hi\u00e9rarchie gr\u00e2ce \u00e0 la confiance\u201d &#8211; Vincent OSMONT&#8221; admin_label=&#8221;Vincent OSMONT&#8221; _builder_version=&#8221;4.4.9&#8243;]<\/p>\n<p><span style=\"font-weight: 400;\"><strong>Vincent OSMONT<\/strong>, P\u00e2tisserie OSMONT<\/span><\/p>\n<p><span style=\"font-weight: 400;\">Apprenez \u00e0 construire et animer des processus <\/span><span style=\"font-weight: 400;\">collaboratifs<\/span><span style=\"font-weight: 400;\"> de fa\u00e7on efficace et ludique.<\/span><span style=\"font-weight: 400;\"><br \/><\/span><b>CTA : <\/b><b><i>Coaching individuel<\/i><\/b><\/p>\n<p>[\/et_pb_toggle][\/et_pb_column][\/et_pb_row][\/et_pb_section][et_pb_section fb_built=&#8221;1&#8243; _builder_version=&#8221;4.4.9&#8243; da_disable_devices=&#8221;off|off|off&#8221; da_is_popup=&#8221;off&#8221; da_exit_intent=&#8221;off&#8221; da_has_close=&#8221;on&#8221; da_alt_close=&#8221;off&#8221; da_dark_close=&#8221;off&#8221; da_not_modal=&#8221;on&#8221; da_is_singular=&#8221;off&#8221; da_with_loader=&#8221;off&#8221; da_has_shadow=&#8221;on&#8221;][et_pb_row _builder_version=&#8221;4.4.9&#8243;][et_pb_column type=&#8221;4_4&#8243; _builder_version=&#8221;4.4.9&#8243;][et_pb_text _builder_version=&#8221;4.4.9&#8243; text_text_color=&#8221;#3caee1&#8243; text_font_size=&#8221;1.2rem&#8221;]<\/p>\n<h1 style=\"text-align: center;\"><b>Testimonials<\/b><\/h1>\n<p>[\/et_pb_text][et_pb_divider color=&#8221;#f8ca4a&#8221; divider_weight=&#8221;4px&#8221; _builder_version=&#8221;4.4.9&#8243; width=&#8221;25%&#8221; module_alignment=&#8221;center&#8221;][\/et_pb_divider][\/et_pb_column][\/et_pb_row][et_pb_row column_structure=&#8221;1_3,1_3,1_3&#8243; make_equal=&#8221;on&#8221; module_class=&#8221;row-temoignages&#8221; _builder_version=&#8221;4.4.9&#8243;][et_pb_column type=&#8221;1_3&#8243; _builder_version=&#8221;4.4.9&#8243; link_option_url=&#8221;#Nejma&#8221;][et_pb_image src=&#8221;https:\/\/www.inov-on-experience.fr\/wp-content\/uploads\/2017\/02\/les-cercles-1024&#215;675-1.jpeg&#8221; alt=&#8221;Les cercles&#8221; title_text=&#8221;les-cercles-1024&#215;675&#8243; _builder_version=&#8221;4.4.9&#8243;][\/et_pb_image][et_pb_text _builder_version=&#8221;4.4.9&#8243;]<\/p>\n<p>&#8220;Develop team agility and reconsider how I manage my organization&#8221;<\/p>\n<p>Nejma OUADI<br \/>Orange<br \/>First French phone operator<\/p>\n<p>[\/et_pb_text][\/et_pb_column][et_pb_column type=&#8221;1_3&#8243; _builder_version=&#8221;4.4.9&#8243; link_option_url=&#8221;#famy&#8221;][et_pb_image src=&#8221;https:\/\/www.inov-on-experience.fr\/wp-content\/uploads\/2021\/01\/jk-gJhev0YgUcE-unsplash-scaled.jpg&#8221; alt=&#8221;Faire \u00e9merger un leader naturel&#8221; title_text=&#8221;jk-gJhev0YgUcE-unsplash&#8221; align=&#8221;right&#8221; module_class=&#8221;img_right&#8221; _builder_version=&#8221;4.4.9&#8243; custom_css_main_element=&#8221;left: auto;||right:0;transform: none;&#8221;][\/et_pb_image][et_pb_text _builder_version=&#8221;4.4.9&#8243;]<\/p>\n<p>\u201cHow to optimize your approach to change\u201d<\/p>\n<p>Charlotte FAMY et Jean-Bernard MORVAN<br \/>Saint-Gobain Weber France<\/p>\n<p>[\/et_pb_text][\/et_pb_column][et_pb_column type=&#8221;1_3&#8243; _builder_version=&#8221;4.4.9&#8243; link_option_url=&#8221;#Lise&#8221;][et_pb_image src=&#8221;https:\/\/www.inov-on-experience.fr\/wp-content\/uploads\/2020\/10\/pexels-pixabay-54462.jpg&#8221; alt=&#8221;Faire \u00e9merger un leader naturel&#8221; title_text=&#8221;pexels-pixabay-54462&#8243; _builder_version=&#8221;4.4.9&#8243;][\/et_pb_image][et_pb_text _builder_version=&#8221;4.4.9&#8243;]<\/p>\n<p>&#8220;Bringing our natural leaders&#8221;<\/p>\n<p>Lise Couillaud<br \/>CHRONO Flex Group<br \/>French pioneer in liberated organizations<\/p>\n<p>[\/et_pb_text][\/et_pb_column][\/et_pb_row][et_pb_row column_structure=&#8221;1_3,1_3,1_3&#8243; disabled_on=&#8221;on|on|on&#8221; module_class=&#8221;row-temoignages&#8221; _builder_version=&#8221;4.4.9&#8243; disabled=&#8221;on&#8221;][et_pb_column type=&#8221;1_3&#8243; _builder_version=&#8221;4.4.9&#8243; link_option_url=&#8221;#Rivaton&#8221;][et_pb_image src=&#8221;https:\/\/www.inov-on-experience.fr\/wp-content\/uploads\/2020\/10\/valeurs-creativite-innovation.jpg&#8221; alt=&#8221;Les projets d&#8217;\u00e9quipe&#8221; title_text=&#8221;valeurs-creativite-innovation&#8221; _builder_version=&#8221;4.4.9&#8243;][\/et_pb_image][et_pb_text _builder_version=&#8221;4.4.9&#8243;]<\/p>\n<p>\u201cAttirer des talents avec nos valeurs, de la cr\u00e9ativit\u00e9 et de l\u2019innovation\u201d<\/p>\n<p>Julien et Charlotte RIVATON<br \/><span style=\"font-weight: 400;\">Exhibit Group<\/span><\/p>\n<p>[\/et_pb_text][\/et_pb_column][et_pb_column type=&#8221;1_3&#8243; _builder_version=&#8221;4.4.9&#8243; link_option_url=&#8221;#Collectivite-territoriale&#8221;][et_pb_image src=&#8221;https:\/\/www.inov-on-experience.fr\/wp-content\/uploads\/2020\/09\/Donner-de-lautonomie.jpg&#8221; alt=&#8221;Donner de l&#8217;autonomie&#8221; title_text=&#8221;Donner-de-l&#8217;autonomie&#8221; _builder_version=&#8221;4.4.9&#8243;][\/et_pb_image][et_pb_text _builder_version=&#8221;4.4.9&#8243;]<\/p>\n<p>&#8220;Donner de l\u2019autonomie et responsabiliser mes \u00e9quipes&#8221;<\/p>\n<p><span style=\"font-weight: 400;\">Directeur g\u00e9n\u00e9ral des services<br \/>Collectivit\u00e9 Territoriale<\/span><\/p>\n<p>[\/et_pb_text][\/et_pb_column][et_pb_column type=&#8221;1_3&#8243; _builder_version=&#8221;4.4.9&#8243; link_option_url=&#8221;#Osmont&#8221;][et_pb_image src=&#8221;https:\/\/www.inov-on-experience.fr\/wp-content\/uploads\/2020\/09\/organisation-grace-a-la-confiance.jpg&#8221; alt=&#8221;Coronavirus inov-On confinement&#8221; title_text=&#8221;organisation-gr\u00e2ce-\u00e0-la-confiance&#8221; _builder_version=&#8221;4.4.9&#8243;][\/et_pb_image][et_pb_text _builder_version=&#8221;4.4.9&#8243;]<\/p>\n<p>&#8220;D\u00e9velopper une organisation gr\u00e2ce \u00e0 la confiance&#8221;<\/p>\n<p>Vincent OSMONT<br \/><span style=\"font-weight: 400;\">P\u00e2tisserie OSMONT<\/span><\/p>\n<p>[\/et_pb_text][\/et_pb_column][\/et_pb_row][et_pb_row column_structure=&#8221;1_3,1_3,1_3&#8243; disabled_on=&#8221;on|on|on&#8221; module_class=&#8221;row-temoignages&#8221; _builder_version=&#8221;4.4.9&#8243; disabled=&#8221;on&#8221;][et_pb_column type=&#8221;1_3&#8243; _builder_version=&#8221;4.4.9&#8243; link_option_url=&#8221;#Huybrechts&#8221;][et_pb_image src=&#8221;https:\/\/www.inov-on-experience.fr\/wp-content\/uploads\/2018\/10\/les-erreurs-a-ne-pas-commettre-en-liberant-son-entreprise-1080&#215;675-1.jpg&#8221; alt=&#8221;Les erreurs \u00e0 ne pas commettre en lib\u00e9rant son entreprise&#8221; title_text=&#8221;les-erreurs-a-ne-pas-commettre-en-liberant-son-entreprise-1080&#215;675&#8243; _builder_version=&#8221;4.4.9&#8243;][\/et_pb_image][et_pb_text _builder_version=&#8221;4.4.9&#8243;]<\/p>\n<p>&#8220;Cr\u00e9er un d\u00e9clic aupr\u00e8s du Codir&#8221;<\/p>\n<p>Jacques HUYBRECHTS<br \/><span style=\"font-weight: 400;\">Entrepreneurs d&#8217;avenir<\/span><\/p>\n<p>[\/et_pb_text][\/et_pb_column][et_pb_column type=&#8221;1_3&#8243; _builder_version=&#8221;4.4.9&#8243; link_option_url=&#8221;#Dries&#8221;][et_pb_image src=&#8221;https:\/\/www.inov-on-experience.fr\/wp-content\/uploads\/2020\/09\/communication-bienveillante.jpg&#8221; alt=&#8221;communication bienveillante&#8221; title_text=&#8221;communication-bienveillante&#8221; _builder_version=&#8221;4.4.9&#8243;][\/et_pb_image][et_pb_text _builder_version=&#8221;4.4.9&#8243;]<\/p>\n<p>&#8220;Favoriser la communication bienveillante dans mes \u00e9quipes&#8221;<\/p>\n<p>Daniel DRIES,<br \/>Infodata<\/p>\n<p>[\/et_pb_text][\/et_pb_column][et_pb_column type=&#8221;1_3&#8243; _builder_version=&#8221;4.4.9&#8243; link_option_url=&#8221;#coaching-co&#8221;][et_pb_image src=&#8221;https:\/\/www.inov-on-experience.fr\/wp-content\/uploads\/2020\/10\/coaching-collectif-3.jpg&#8221; alt=&#8221;Coaching collectif Chronoflex&#8221; title_text=&#8221;coaching-collectif-3&#8243; _builder_version=&#8221;4.4.9&#8243;][\/et_pb_image][et_pb_text _builder_version=&#8221;4.4.9&#8243;]<\/p>\n<p>&#8220;Le coaching collectif, une belle opportunit\u00e9 pour la r\u00e9ussite d&#8217;une \u00e9quipe&#8221;<\/p>\n<p>\u00c9quipe produit,<br \/>CHRONO Flex<\/p>\n<p>[\/et_pb_text][\/et_pb_column][\/et_pb_row][et_pb_row column_structure=&#8221;1_3,1_3,1_3&#8243; disabled_on=&#8221;on|on|on&#8221; module_class=&#8221;row-temoignages&#8221; _builder_version=&#8221;4.4.9&#8243; disabled=&#8221;on&#8221;][et_pb_column type=&#8221;1_3&#8243; _builder_version=&#8221;4.4.9&#8243; link_option_url=&#8221;#arduin&#8221;][et_pb_image src=&#8221;https:\/\/www.inov-on-experience.fr\/wp-content\/uploads\/2020\/10\/equicoaching-e1603891269909.jpg&#8221; alt=&#8221;Faire \u00e9merger un leader naturel&#8221; title_text=&#8221;equicoaching&#8221; _builder_version=&#8221;4.4.9&#8243;][\/et_pb_image][et_pb_text _builder_version=&#8221;4.4.9&#8243;]<\/p>\n<p>&#8220;L&#8217;interaction avec les chevaux est r\u00e9v\u00e9latrice du comportement de chacun&#8221;<\/p>\n<p>Olivier Arduin<br \/>Leroy Merlin<\/p>\n<p>[\/et_pb_text][\/et_pb_column][et_pb_column type=&#8221;1_3&#8243; _builder_version=&#8221;4.4.9&#8243; link_option_url=&#8221;#cercle-pairs&#8221;][et_pb_image src=&#8221;https:\/\/www.inov-on-experience.fr\/wp-content\/uploads\/2020\/09\/rencontre-des-pairs2.jpg&#8221; alt=&#8221;Rencontre des pairs&#8221; title_text=&#8221;rencontre-des-pairs2&#8243; align=&#8221;right&#8221; module_class=&#8221;img_right&#8221; _builder_version=&#8221;4.4.9&#8243; custom_css_main_element=&#8221;left: auto;||right:0;transform: none;&#8221;][\/et_pb_image][et_pb_text _builder_version=&#8221;4.4.9&#8243;]<\/p>\n<p>\u201cLe cercle de pairs est la suite logique du parcours\u201d<\/p>\n<p>Olivier Margerand<br \/>Digital Collab<\/p>\n<p>[\/et_pb_text][\/et_pb_column][et_pb_column type=&#8221;1_3&#8243; _builder_version=&#8221;4.4.9&#8243; link_option_url=&#8221;#coaching-individuel&#8221;][et_pb_image src=&#8221;https:\/\/www.inov-on-experience.fr\/wp-content\/uploads\/2020\/09\/coaching-individuel-1.jpg&#8221; alt=&#8221;Coaching individuel&#8221; title_text=&#8221;coaching-individuel&#8221; align=&#8221;center&#8221; module_class=&#8221;img_right&#8221; _builder_version=&#8221;4.4.9&#8243; module_alignment=&#8221;center&#8221; custom_css_main_element=&#8221;left: auto;||right:0;transform: none;&#8221;][\/et_pb_image][et_pb_text _builder_version=&#8221;4.4.9&#8243;]<\/p>\n<p>\u201cLe coaching individuel permet l&#8217;\u00e9panouissement, il renforce la connaissance de soi et l&#8217;ouverture d&#8217;esprit\u201d<\/p>\n<p>\u00c9quipiers inov-On\u00a0<\/p>\n<p>[\/et_pb_text][\/et_pb_column][\/et_pb_row][\/et_pb_section][et_pb_section fb_built=&#8221;1&#8243; admin_label=&#8221;Nejma OUADI &#8211; CoDir&#8221; module_id=&#8221;Nejma&#8221; module_class=&#8221;popup_tem popup&#8221; _builder_version=&#8221;4.4.9&#8243; da_is_popup=&#8221;on&#8221; da_popup_slug=&#8221;Nejma&#8221; da_disable_devices=&#8221;off|off|off&#8221; da_exit_intent=&#8221;off&#8221; da_has_close=&#8221;on&#8221; da_alt_close=&#8221;off&#8221; da_dark_close=&#8221;off&#8221; da_not_modal=&#8221;on&#8221; da_is_singular=&#8221;off&#8221; da_with_loader=&#8221;off&#8221; da_has_shadow=&#8221;on&#8221;][et_pb_row _builder_version=&#8221;4.4.9&#8243;][et_pb_column type=&#8221;4_4&#8243; _builder_version=&#8221;4.4.9&#8243;][et_pb_text admin_label=&#8221;Nejma OUADI&#8221; _builder_version=&#8221;4.4.9&#8243;]<\/p>\n<p class=\"img-temoignage\"><img decoding=\"async\" class=\"wp-image-8035 alignnone size-medium\" src=\"https:\/\/www.inov-on-experience.fr\/wp-content\/uploads\/2020\/09\/Nejma-Ouadi-214x300.png\" alt=\"\" width=\"214\" height=\"300\" \/><\/p>\n<p style=\"text-align: center;\"><span style=\"font-weight: 400;\"><strong>Nejma OUADI<\/strong>, Orange<\/span><\/p>\n<blockquote>\n<p>Telecommunications is a fast-moving segment and the ability to adapt and rapidly respond to new business priorities as they arise is critical. We need to involve absolutely everybody for this purpose, at all hierarchical levels, taking co-construction methods a major step farther.<br \/>I met Alexandre at an inter-company seminar over a year ago now. He shared his experience with us at this seminar, and I came away eager to launch a similar process with my own management team. I naturally contacted him for support in this new journey.<br \/>We worked together for several months, initially discussing the meaning of our approach, our deeper convictions, the values driving us and how we intended to work with our teams to develop new working methods based on co-construction and collective principles.<br \/>This shared approach confirmed our close relations and collective management principles. People showed their true colours, far more than I had dared dream, and our collective strength was reinforced. Beyond this benefit, we progressively changed our management practices, and started to test many points with our unit, with contributions from all of our employees, something we continue to do.<br \/>This approach allowed me to personally rethink my management practices in depth. The process was sometimes uncomfortable, as I had to question some of my own beliefs\u2026. I still reconsider my working practices today, moving forward step by step with my teams\u2026 and my general impression is that I am stronger for it, calmer, in sync\u2026<\/p>\n<\/blockquote>\n<p>[\/et_pb_text][\/et_pb_column][\/et_pb_row][et_pb_row module_class=&#8221;cta-temoignage&#8221; _builder_version=&#8221;4.4.9&#8243;][et_pb_column type=&#8221;4_4&#8243; _builder_version=&#8221;4.4.9&#8243;][et_pb_image src=&#8221;https:\/\/www.inov-on-experience.fr\/wp-content\/uploads\/2020\/08\/Oiseau-bleu-rouge.png&#8221; alt=&#8221;Oiseau bleu-rouge&#8221; title_text=&#8221;Oiseau bleu-rouge&#8221; align=&#8221;center&#8221; _builder_version=&#8221;4.4.9&#8243; width=&#8221;40%&#8221; max_width=&#8221;150px&#8221; module_alignment=&#8221;center&#8221;][\/et_pb_image][et_pb_text _builder_version=&#8221;4.4.9&#8243;]<\/p>\n<p style=\"text-align: center;\"><strong>Are you aiming to launch an in-depth restructuring process for your organization, in line with your vision and values? <\/strong><\/p>\n<p>[\/et_pb_text][et_pb_button button_url=&#8221;@ET-DC@eyJkeW5hbWljIjp0cnVlLCJjb250ZW50IjoicG9zdF9saW5rX3VybF9hY2NvbXBhZ25lbWVudHMiLCJzZXR0aW5ncyI6eyJwb3N0X2lkIjoiOTM5OCJ9fQ==@&#8221; url_new_window=&#8221;on&#8221; button_text=&#8221;Check out our Executive Board pathway&#8221; module_class=&#8221;style-bouton-1&#8243; _builder_version=&#8221;4.4.9&#8243; _dynamic_attributes=&#8221;button_url&#8221; custom_button=&#8221;on&#8221; button_use_icon=&#8221;off&#8221;][\/et_pb_button][et_pb_button button_url=&#8221;@ET-DC@eyJkeW5hbWljIjp0cnVlLCJjb250ZW50IjoicG9zdF9saW5rX3VybF9wYWdlIiwic2V0dGluZ3MiOnsicG9zdF9pZCI6IjkxMDkifX0=@&#8221; url_new_window=&#8221;on&#8221; button_text=&#8221;Our comprehensive support&#8221; module_class=&#8221;style-bouton-1-bleu&#8221; _builder_version=&#8221;4.4.9&#8243; _dynamic_attributes=&#8221;button_url&#8221; custom_button=&#8221;on&#8221; button_use_icon=&#8221;off&#8221;][\/et_pb_button][\/et_pb_column][\/et_pb_row][\/et_pb_section][et_pb_section fb_built=&#8221;1&#8243; admin_label=&#8221;Saint Gobain Weber France&#8221; module_id=&#8221;famy&#8221; module_class=&#8221;popup_tem popup&#8221; _builder_version=&#8221;4.4.9&#8243; da_is_popup=&#8221;on&#8221; da_popup_slug=&#8221;famy&#8221; da_disable_devices=&#8221;off|off|off&#8221; da_exit_intent=&#8221;off&#8221; da_has_close=&#8221;on&#8221; da_alt_close=&#8221;off&#8221; da_dark_close=&#8221;off&#8221; da_not_modal=&#8221;on&#8221; da_is_singular=&#8221;off&#8221; da_with_loader=&#8221;off&#8221; da_has_shadow=&#8221;on&#8221;][et_pb_row _builder_version=&#8221;4.4.9&#8243;][et_pb_column type=&#8221;4_4&#8243; _builder_version=&#8221;4.4.9&#8243;][et_pb_text admin_label=&#8221;Saint Gobain&#8221; _builder_version=&#8221;4.4.9&#8243; text_orientation=&#8221;center&#8221;]<\/p>\n<p class=\"img-temoignage\" style=\"display: inline-block;\"><img decoding=\"async\" class=\"alignnone wp-image-11567 size-thumbnail\" src=\"https:\/\/www.inov-on-experience.fr\/wp-content\/uploads\/2021\/01\/Charlotte-FAMY-e1610015103779-150x150.jpg\" alt=\"\" width=\"150\" height=\"150\" \/><\/p>\n<p class=\"img-temoignage\" style=\"display: inline-block;\"><img decoding=\"async\" class=\"alignnone wp-image-11565 size-thumbnail\" src=\"https:\/\/www.inov-on-experience.fr\/wp-content\/uploads\/2021\/01\/1606919337480-150x150.jpg\" alt=\"\" width=\"150\" height=\"150\" srcset=\"https:\/\/www.inov-on-experience.fr\/wp-content\/uploads\/2021\/01\/1606919337480-150x150.jpg 150w, https:\/\/www.inov-on-experience.fr\/wp-content\/uploads\/2021\/01\/1606919337480-300x300.jpg 300w, https:\/\/www.inov-on-experience.fr\/wp-content\/uploads\/2021\/01\/1606919337480-100x100.jpg 100w, https:\/\/www.inov-on-experience.fr\/wp-content\/uploads\/2021\/01\/1606919337480-50x50.jpg 50w, https:\/\/www.inov-on-experience.fr\/wp-content\/uploads\/2021\/01\/1606919337480.jpg 343w\" sizes=\"(max-width: 150px) 100vw, 150px\" \/><\/p>\n<p style=\"text-align: center;\"><b>Charlotte Famy et Jean-Bernard Morvan, <\/b><span style=\"font-weight: 400;\">Saint-Gobain Weber France<\/span><\/p>\n<blockquote>\n<p dir=\"ltr\" style=\"text-align: left;\">When we joined the firm just over three years ago, it was nicknamed the sleeping beauty! We decided that a few changes were critical to keep up with a fast-moving world!<br \/>We opted for a new management style to simplify the organization, reduce the number of management levels and grant greater levels of responsibility throughout. On this basis, we adopted a regional structure for Weber with more independent regions, each with their own income statements. These regions are closer to our customers and the market, with a very local construction trend. We also aimed to manage by providing support rather than making decisions. The key factor, which we worked on via the Executive Board, was ensuring that teams were responsible for their acts and managers let go.<br \/>Once this foundation layer was in place, we monitored how to transform corporate management. We met with a certain number of individuals, who had already started corporate transformation processes (particularly within the Saint-Gobain Group), and we were put in contact with Alexandre G\u00e9rard, who came to share his experience with CHRONO Flex and the inov-On group with some Executive Board members. This was the starting point for us, as this testimonial was something of a surprise and provided a bit of a wake-up call! We realized that we could make long-term changes to a company (clearly with the right tools, words alone are not enough).<br \/>Alexandre and Sophie then provided their support for our Executive Board for just over one year, aiming to deploy the necessary tools, establish the right culture and ensure the awareness of our company director of the factors involved in this transformation process<span>.<\/span>&#8220;<\/p>\n<\/blockquote>\n<p>[\/et_pb_text][\/et_pb_column][\/et_pb_row][et_pb_row module_class=&#8221;cta-temoignage&#8221; _builder_version=&#8221;4.4.9&#8243;][et_pb_column type=&#8221;4_4&#8243; _builder_version=&#8221;4.4.9&#8243;][et_pb_image src=&#8221;https:\/\/www.inov-on-experience.fr\/wp-content\/uploads\/2020\/08\/Oiseau-bleu-rouge.png&#8221; alt=&#8221;Oiseau bleu-rouge&#8221; title_text=&#8221;Oiseau bleu-rouge&#8221; align=&#8221;center&#8221; _builder_version=&#8221;4.4.9&#8243; width=&#8221;40%&#8221; max_width=&#8221;150px&#8221; module_alignment=&#8221;center&#8221;][\/et_pb_image][et_pb_text _builder_version=&#8221;4.4.9&#8243;]<\/p>\n<p style=\"text-align: center;\"><b>If you would like us to come visit you to ensure the awareness of your teams, or would prefer for your teams to travel to our site for a full immersion experience, contact us!<\/b><\/p>\n<p>[\/et_pb_text][et_pb_button button_url=&#8221;@ET-DC@eyJkeW5hbWljIjp0cnVlLCJjb250ZW50IjoicG9zdF9saW5rX3VybF9hY2NvbXBhZ25lbWVudHMiLCJzZXR0aW5ncyI6eyJwb3N0X2lkIjoiMTQxNjcifX0=@&#8221; url_new_window=&#8221;on&#8221; button_text=&#8221;Check out our Executive pathway&#8221; module_class=&#8221;style-bouton-1&#8243; _builder_version=&#8221;4.4.9&#8243; _dynamic_attributes=&#8221;button_url&#8221; custom_button=&#8221;on&#8221; button_use_icon=&#8221;off&#8221; hover_enabled=&#8221;0&#8243;][\/et_pb_button][\/et_pb_column][\/et_pb_row][\/et_pb_section][et_pb_section fb_built=&#8221;1&#8243; admin_label=&#8221;Lise &#8211; Managers Leaders&#8221; module_id=&#8221;Lise&#8221; module_class=&#8221;popup_tem popup&#8221; _builder_version=&#8221;4.4.9&#8243; da_is_popup=&#8221;on&#8221; da_popup_slug=&#8221;Lise&#8221; da_disable_devices=&#8221;off|off|off&#8221; da_exit_intent=&#8221;off&#8221; da_has_close=&#8221;on&#8221; da_alt_close=&#8221;off&#8221; da_dark_close=&#8221;off&#8221; da_not_modal=&#8221;on&#8221; da_is_singular=&#8221;off&#8221; da_with_loader=&#8221;off&#8221; da_has_shadow=&#8221;on&#8221;][et_pb_row _builder_version=&#8221;4.4.9&#8243;][et_pb_column type=&#8221;4_4&#8243; _builder_version=&#8221;4.4.9&#8243;][et_pb_text admin_label=&#8221;Lise&#8221; _builder_version=&#8221;4.4.9&#8243;]<\/p>\n<p class=\"img-temoignage\"><img decoding=\"async\" class=\"wp-image-8073 alignnone size-medium\" src=\"https:\/\/www.inov-on-experience.fr\/wp-content\/uploads\/2020\/09\/Lise-300x300.jpg\" alt=\"\" width=\"300\" height=\"300\" \/><\/p>\n<p style=\"text-align: center;\"><b>Lise Couillaud, <\/b>CHRONO Flex Group<\/p>\n<blockquote>\n<p>We support managers intending to act as leaders by helping them to adapt their attitude, aiming to lead their teams differently, targeting greater levels of independence and both individual and collective responsibility.<br \/>Our goal is to provide Leading Managers with the tools they need to lead and facilitate relations, ensuring they feel relaxed, equipped and confident when playing this role. Leading Managers must guide their teams towards a cohesive whole, collective performance and success, while driving to ensure that each individual is satisfied and achieves their career goals. This role is decisive and a high-impact factor. By following these pathways, leaders can benefit from the support of a growing community, ensuring future progress hand in hand. We adapt pathway content to the pre-determined needs and expectations as far as possible.<br \/>This collective approach complements the personal efforts made by each leader to adjust their attitudes and leadership capabilities. Finally, we work on the principle that the ultimate role of a leader is to guide the leaders of the future.<\/p>\n<\/blockquote>\n<p>[\/et_pb_text][\/et_pb_column][\/et_pb_row][et_pb_row module_class=&#8221;cta-temoignage&#8221; _builder_version=&#8221;4.4.9&#8243;][et_pb_column type=&#8221;4_4&#8243; _builder_version=&#8221;4.4.9&#8243;][et_pb_image src=&#8221;https:\/\/www.inov-on-experience.fr\/wp-content\/uploads\/2020\/08\/Oiseau-bleu-rouge.png&#8221; alt=&#8221;Oiseau bleu-rouge&#8221; title_text=&#8221;Oiseau bleu-rouge&#8221; align=&#8221;center&#8221; _builder_version=&#8221;4.4.9&#8243; width=&#8221;40%&#8221; max_width=&#8221;150px&#8221; module_alignment=&#8221;center&#8221;][\/et_pb_image][et_pb_text _builder_version=&#8221;4.4.9&#8243;]<\/p>\n<p style=\"text-align: center;\"><b>Learn to lead rather than manage, learn to actively develop confidence and encourage shared responsibility in your team.<\/b><\/p>\n<p>[\/et_pb_text][et_pb_button button_url=&#8221;@ET-DC@eyJkeW5hbWljIjp0cnVlLCJjb250ZW50IjoicG9zdF9saW5rX3VybF9hY2NvbXBhZ25lbWVudHMiLCJzZXR0aW5ncyI6eyJwb3N0X2lkIjoiMTA1NjgifX0=@&#8221; url_new_window=&#8221;on&#8221; button_text=&#8221;Check out our pathway for leading managers&#8221; module_class=&#8221;style-bouton-1&#8243; _builder_version=&#8221;4.4.9&#8243; _dynamic_attributes=&#8221;button_url&#8221; custom_button=&#8221;on&#8221; button_use_icon=&#8221;off&#8221; hover_enabled=&#8221;0&#8243;][\/et_pb_button][\/et_pb_column][\/et_pb_row][\/et_pb_section][et_pb_section fb_built=&#8221;1&#8243; disabled_on=&#8221;on|on|on&#8221; admin_label=&#8221;Saint Gobain&#8221; module_id=&#8221;Boutin&#8221; module_class=&#8221;popup_tem popup&#8221; _builder_version=&#8221;4.4.9&#8243; da_is_popup=&#8221;on&#8221; da_popup_slug=&#8221;Boutin&#8221; da_disable_devices=&#8221;off|off|off&#8221; disabled=&#8221;on&#8221; da_exit_intent=&#8221;off&#8221; da_has_close=&#8221;on&#8221; da_alt_close=&#8221;off&#8221; da_dark_close=&#8221;off&#8221; da_not_modal=&#8221;on&#8221; da_is_singular=&#8221;off&#8221; da_with_loader=&#8221;off&#8221; da_has_shadow=&#8221;on&#8221;][et_pb_row _builder_version=&#8221;4.4.9&#8243;][et_pb_column type=&#8221;4_4&#8243; _builder_version=&#8221;4.4.9&#8243;][et_pb_text admin_label=&#8221;Alexandre Boutin&#8221; _builder_version=&#8221;4.4.9&#8243;]<\/p>\n<p class=\"img-temoignage\"><img decoding=\"async\" class=\"wp-image-9677 alignnone size-medium\" src=\"https:\/\/www.inov-on-experience.fr\/wp-content\/uploads\/2020\/09\/temoignages-declic-300x200.jpg\" alt=\"Cr\u00e9er un d\u00e9clic\" width=\"300\" height=\"200\" \/><\/p>\n<p style=\"text-align: center;\"><span style=\"font-weight: 400;\"><strong>Alexandre BOUTIN<\/strong>, Agiletoyou<\/span><\/p>\n<blockquote><p><span data-sheets-value=\"{&quot;1&quot;:2,&quot;2&quot;:&quot;Nous sommes tr\u00e8s satisfaits de l\u2019intervention r\u00e9alis\u00e9e par Alexandre G\u00e9rard lors de la conf\u00e9rence AGILE GRENOBLE qui s\u2019est tenue le 20 novembre 2014. Nous avions demand\u00e9 \u00e0 Alexandre de faire 2 interventions, tout d\u2019abord une pl\u00e9ni\u00e8re en tout d\u00e9but de conf\u00e9rence devant 500 personnes pour lancer l\u2019\u00e9v\u00e9nement sur une bonne dynamique, c\u2019est ce qu\u2019Alexandre a parfaitement r\u00e9alis\u00e9 en racontant avec passion son aventure personnelle de \u00ab lib\u00e9rateur d\u2019entreprise \u00bb.\\n\\nDans l\u2019apr\u00e8s-midi, Alexandre a r\u00e9alis\u00e9 une session en parall\u00e8le des autres sessions du programme, afin de permettre des \u00e9changes libres avec ceux qui avaient des questions, et pr\u00e8s de 250 personnes ont choisi de venir contribuer \u00e0 cette session. Le format en 2 temps a vraiment \u00e9t\u00e9 pl\u00e9biscit\u00e9 par les participants \u00e0 la conf\u00e9rence AGILE GRENOBLE.&quot;}\" data-sheets-userformat=\"{&quot;2&quot;:897,&quot;3&quot;:{&quot;1&quot;:0},&quot;10&quot;:0,&quot;11&quot;:4,&quot;12&quot;:0}\">Nous sommes tr\u00e8s satisfaits de l\u2019intervention r\u00e9alis\u00e9e par Alexandre G\u00e9rard lors de la conf\u00e9rence AGILE GRENOBLE. Nous avions demand\u00e9 \u00e0 Alexandre de faire 2 interventions, tout d\u2019abord une pl\u00e9ni\u00e8re en tout d\u00e9but de conf\u00e9rence devant 500 personnes pour lancer l\u2019\u00e9v\u00e9nement sur une bonne dynamique, c\u2019est ce qu\u2019Alexandre a parfaitement r\u00e9alis\u00e9 en racontant avec passion son aventure personnelle de \u00ab lib\u00e9rateur d\u2019entreprise \u00bb.<\/span><\/p>\n<p>Dans l\u2019apr\u00e8s-midi, Alexandre a r\u00e9alis\u00e9 une session en parall\u00e8le des autres sessions du programme, afin de permettre des \u00e9changes libres avec ceux qui avaient des questions, et pr\u00e8s de 250 personnes ont choisi de venir contribuer \u00e0 cette session. Le format en 2 temps a vraiment \u00e9t\u00e9 pl\u00e9biscit\u00e9 par les participants \u00e0 la conf\u00e9rence AGILE GRENOBLE.<\/p><\/blockquote>\n<p>[\/et_pb_text][\/et_pb_column][\/et_pb_row][et_pb_row module_class=&#8221;cta-temoignage&#8221; _builder_version=&#8221;4.4.9&#8243;][et_pb_column type=&#8221;4_4&#8243; _builder_version=&#8221;4.4.9&#8243;][et_pb_image src=&#8221;https:\/\/www.inov-on-experience.fr\/wp-content\/uploads\/2020\/08\/Oiseau-bleu-rouge.png&#8221; alt=&#8221;Oiseau bleu-rouge&#8221; title_text=&#8221;Oiseau bleu-rouge&#8221; align=&#8221;center&#8221; _builder_version=&#8221;4.4.9&#8243; width=&#8221;40%&#8221; max_width=&#8221;150px&#8221; module_alignment=&#8221;center&#8221;][\/et_pb_image][et_pb_text _builder_version=&#8221;4.4.9&#8243;]<\/p>\n<p style=\"text-align: center;\"><strong>Si vous souhaitez nous recevoir chez vous pour sensibiliser vos \u00e9quipes ou venir chez nous en pleine immersion, contactez-nous !<\/strong><\/p>\n<p>[\/et_pb_text][et_pb_button button_url=&#8221;@ET-DC@eyJkeW5hbWljIjp0cnVlLCJjb250ZW50IjoicG9zdF9saW5rX3VybF9wYWdlIiwic2V0dGluZ3MiOnsicG9zdF9pZCI6IjUyNyJ9fQ==@&#8221; url_new_window=&#8221;on&#8221; button_text=&#8221;Nous rencontrer&#8221; module_class=&#8221;style-bouton-1&#8243; _builder_version=&#8221;4.4.9&#8243; _dynamic_attributes=&#8221;button_url&#8221; custom_button=&#8221;on&#8221; button_use_icon=&#8221;off&#8221;][\/et_pb_button][\/et_pb_column][\/et_pb_row][\/et_pb_section][et_pb_section fb_built=&#8221;1&#8243; disabled_on=&#8221;on|on|on&#8221; admin_label=&#8221;Jacques HUYBRECHTS &#8211; Journ\u00e9e d\u00e9clic&#8221; module_id=&#8221;Huybrechts&#8221; module_class=&#8221;popup_tem popup&#8221; _builder_version=&#8221;4.4.9&#8243; da_is_popup=&#8221;on&#8221; da_popup_slug=&#8221;Huybrechts&#8221; da_disable_devices=&#8221;off|off|off&#8221; disabled=&#8221;on&#8221; da_exit_intent=&#8221;off&#8221; da_has_close=&#8221;on&#8221; da_alt_close=&#8221;off&#8221; da_dark_close=&#8221;off&#8221; da_not_modal=&#8221;on&#8221; da_is_singular=&#8221;off&#8221; da_with_loader=&#8221;off&#8221; da_has_shadow=&#8221;on&#8221;][et_pb_row _builder_version=&#8221;4.4.9&#8243;][et_pb_column type=&#8221;4_4&#8243; _builder_version=&#8221;4.4.9&#8243;][et_pb_text admin_label=&#8221;Jacques HUYBRECHTS&#8221; _builder_version=&#8221;4.4.9&#8243;]<\/p>\n<p class=\"img-temoignage\"><img decoding=\"async\" class=\"wp-image-10741 alignnone size-medium\" src=\"https:\/\/www.inov-on-experience.fr\/wp-content\/uploads\/2020\/10\/Jacques-HUYBRECHTS-300x300.jpg\" alt=\"\" width=\"300\" height=\"300\" srcset=\"https:\/\/www.inov-on-experience.fr\/wp-content\/uploads\/2020\/10\/Jacques-HUYBRECHTS-300x300.jpg 300w, https:\/\/www.inov-on-experience.fr\/wp-content\/uploads\/2020\/10\/Jacques-HUYBRECHTS-100x100.jpg 100w, https:\/\/www.inov-on-experience.fr\/wp-content\/uploads\/2020\/10\/Jacques-HUYBRECHTS-150x150.jpg 150w, https:\/\/www.inov-on-experience.fr\/wp-content\/uploads\/2020\/10\/Jacques-HUYBRECHTS-50x50.jpg 50w, https:\/\/www.inov-on-experience.fr\/wp-content\/uploads\/2020\/10\/Jacques-HUYBRECHTS.jpg 450w\" sizes=\"(max-width: 300px) 100vw, 300px\" \/><\/p>\n<p style=\"text-align: center;\"><span style=\"font-weight: 400;\"><strong>Jacques HUYBRECHTS<\/strong>, Entrepreneurs d&#8217;avenir<\/span><\/p>\n<blockquote><p><span data-sheets-value=\"{&quot;1&quot;:2,&quot;2&quot;:&quot;J\u2019anime \u00ab Entrepreneurs d\u2019avenir \u00bb dans lequel se retrouvent des chefs d\u2019entreprise sensibles et engag\u00e9s, des dirigeants qui ont une certaine id\u00e9e du management : un management tourn\u00e9 vers le respect de l\u2019individu, le bien-\u00eatre au travail, le d\u00e9veloppement durable\u2026 Dans ce cadre, j\u2019organise r\u00e9guli\u00e8rement des \u00e9v\u00e9nements. Cette fois, l\u2019id\u00e9e \u00e9tait d\u2019immerger les chefs d\u2019entreprise (pour beaucoup issus de PME et TPE et quelques-uns de grosses entit\u00e9s) pendant une demi-journ\u00e9e, dans le monde des Entreprises lib\u00e9r\u00e9es. Alexandre a tr\u00e8s bien port\u00e9 la conf\u00e9rence. Malgr\u00e9 mes craintes, celle-ci n\u2019a pas \u00e9t\u00e9 longue du tout. Son r\u00e9cit a \u00e9t\u00e9 tr\u00e8s inspirant, une r\u00e9elle d\u00e9couverte pour beaucoup des participants. Je lui ai fait confiance sur la fa\u00e7on de mener la matin\u00e9e et j\u2019ai eu raison. Alexandre a commenc\u00e9 par une pr\u00e9sentation didactique dans laquelle il a abord\u00e9 les diff\u00e9rents types d\u2019entreprises (classiques versus lib\u00e9r\u00e9es), puis il a continu\u00e9 sur l\u2019histoire d\u2019inov-On pour arriver sur le chantier de Lib\u00e9ration \u00e0 proprement parl\u00e9. La matin\u00e9e s\u2019est clos par des \u00e9changes avec les participants.\\n\\nLe ressenti g\u00e9n\u00e9ral a vraiment \u00e9t\u00e9 positif. Les participants ont \u00e9t\u00e9 tr\u00e8s favorablement inspir\u00e9s (avec, pour les dirigeants de grandes entreprises, une r\u00e9serve due aux limites d\u2019un grand groupe). Pour ma part, j\u2019aimerais beaucoup d\u00e9velopper cette premi\u00e8re intervention d\u2019Alexandre sur d\u2019autres territoires : que nous allions plus loin, que nous int\u00e9grions cette conf\u00e9rence ailleurs (Lyon, Paris\u2026) car beaucoup de chefs d\u2019entreprise sont demandeurs mais n\u2019ont pas pu se d\u00e9placer jusqu\u2019\u00e0 Bordeaux.&quot;}\" data-sheets-userformat=\"{&quot;2&quot;:897,&quot;3&quot;:{&quot;1&quot;:0},&quot;10&quot;:0,&quot;11&quot;:4,&quot;12&quot;:0}\">J\u2019anime \u00ab Entrepreneurs d\u2019avenir \u00bb dans lequel se retrouvent des chefs d\u2019entreprise sensibles et engag\u00e9s, des dirigeants qui ont une certaine id\u00e9e du management : un management tourn\u00e9 vers le respect de l\u2019individu, le bien-\u00eatre au travail, le d\u00e9veloppement durable\u2026 Dans ce cadre, j\u2019organise r\u00e9guli\u00e8rement des \u00e9v\u00e9nements. Cette fois, l\u2019id\u00e9e \u00e9tait d\u2019immerger les chefs d\u2019entreprise (pour beaucoup issus de PME et TPE et quelques-uns de grosses entit\u00e9s) pendant une demi-journ\u00e9e, dans le monde des Entreprises lib\u00e9r\u00e9es. Alexandre a tr\u00e8s bien port\u00e9 la conf\u00e9rence. Malgr\u00e9 mes craintes, celle-ci n\u2019a pas \u00e9t\u00e9 longue du tout. Son r\u00e9cit a \u00e9t\u00e9 tr\u00e8s inspirant, une r\u00e9elle d\u00e9couverte pour beaucoup des participants. Je lui ai fait confiance sur la fa\u00e7on de mener la matin\u00e9e et j\u2019ai eu raison. Alexandre a commenc\u00e9 par une pr\u00e9sentation didactique dans laquelle il a abord\u00e9 les diff\u00e9rents types d\u2019entreprises (classiques versus lib\u00e9r\u00e9es), puis il a continu\u00e9 sur l\u2019histoire d\u2019inov-On pour arriver sur le chantier de Lib\u00e9ration \u00e0 proprement parl\u00e9. La matin\u00e9e s\u2019est clos par des \u00e9changes avec les participants.<\/span><\/p>\n<p>Le ressenti g\u00e9n\u00e9ral a vraiment \u00e9t\u00e9 positif. Les participants ont \u00e9t\u00e9 tr\u00e8s favorablement inspir\u00e9s (avec, pour les dirigeants de grandes entreprises, une r\u00e9serve due aux limites d\u2019un grand groupe). Pour ma part, j\u2019aimerais beaucoup d\u00e9velopper cette premi\u00e8re intervention d\u2019Alexandre sur d\u2019autres territoires : que nous allions plus loin, que nous int\u00e9grions cette conf\u00e9rence ailleurs (Lyon, Paris\u2026) car beaucoup de chefs d\u2019entreprise sont demandeurs mais n\u2019ont pas pu se d\u00e9placer jusqu\u2019\u00e0 Bordeaux.<\/p><\/blockquote>\n<p>[\/et_pb_text][\/et_pb_column][\/et_pb_row][et_pb_row module_class=&#8221;cta-temoignage&#8221; _builder_version=&#8221;4.4.9&#8243;][et_pb_column type=&#8221;4_4&#8243; _builder_version=&#8221;4.4.9&#8243;][et_pb_image src=&#8221;https:\/\/www.inov-on-experience.fr\/wp-content\/uploads\/2020\/08\/Oiseau-bleu-rouge.png&#8221; alt=&#8221;Oiseau bleu-rouge&#8221; title_text=&#8221;Oiseau bleu-rouge&#8221; align=&#8221;center&#8221; _builder_version=&#8221;4.4.9&#8243; width=&#8221;40%&#8221; max_width=&#8221;150px&#8221; module_alignment=&#8221;center&#8221;][\/et_pb_image][et_pb_text _builder_version=&#8221;4.4.9&#8243;]<\/p>\n<p style=\"text-align: center;\"><strong>Notre atelier d\u00e9couverte de l\u2019entreprise collaborative vous permet d\u2019approfondir vos r\u00e9flexions pour lancer votre processus de transformation manag\u00e9riale.<\/strong><span style=\"font-weight: 400;\"><br \/><\/span><\/p>\n<p>[\/et_pb_text][et_pb_button button_url=&#8221;@ET-DC@eyJkeW5hbWljIjp0cnVlLCJjb250ZW50IjoicG9zdF9saW5rX3VybF9hY2NvbXBhZ25lbWVudHMiLCJzZXR0aW5ncyI6eyJwb3N0X2lkIjoiOTA5OCJ9fQ==@&#8221; url_new_window=&#8221;on&#8221; button_text=&#8221;D\u00e9couvrir notre journ\u00e9e d\u00e9clic&#8221; module_class=&#8221;style-bouton-1&#8243; _builder_version=&#8221;4.4.9&#8243; _dynamic_attributes=&#8221;button_url&#8221; custom_button=&#8221;on&#8221; button_use_icon=&#8221;off&#8221;][\/et_pb_button][et_pb_button button_url=&#8221;@ET-DC@eyJkeW5hbWljIjp0cnVlLCJjb250ZW50IjoicG9zdF9saW5rX3VybF9wYWdlIiwic2V0dGluZ3MiOnsicG9zdF9pZCI6IjkxMDkifX0=@&#8221; url_new_window=&#8221;on&#8221; button_text=&#8221;Tous nos accompagnements&#8221; module_class=&#8221;style-bouton-1-bleu&#8221; _builder_version=&#8221;4.4.9&#8243; _dynamic_attributes=&#8221;button_url&#8221; custom_button=&#8221;on&#8221; button_use_icon=&#8221;off&#8221;][\/et_pb_button][\/et_pb_column][\/et_pb_row][\/et_pb_section][et_pb_section fb_built=&#8221;1&#8243; disabled_on=&#8221;on|on|on&#8221; admin_label=&#8221;Julien et Charlotte Rivaton &#8211; Vision valeurs&#8221; module_id=&#8221;Rivaton&#8221; module_class=&#8221;popup_tem popup&#8221; _builder_version=&#8221;4.4.9&#8243; da_is_popup=&#8221;on&#8221; da_popup_slug=&#8221;Rivaton&#8221; da_disable_devices=&#8221;off|off|off&#8221; disabled=&#8221;on&#8221; da_exit_intent=&#8221;off&#8221; da_has_close=&#8221;on&#8221; da_alt_close=&#8221;off&#8221; da_dark_close=&#8221;off&#8221; da_not_modal=&#8221;on&#8221; da_is_singular=&#8221;off&#8221; da_with_loader=&#8221;off&#8221; da_has_shadow=&#8221;on&#8221;][et_pb_row _builder_version=&#8221;4.4.9&#8243;][et_pb_column type=&#8221;4_4&#8243; _builder_version=&#8221;4.4.9&#8243;][et_pb_text admin_label=&#8221;Rivaton&#8221; _builder_version=&#8221;4.4.9&#8243;]<\/p>\n<p class=\"img-temoignage\"><img decoding=\"async\" class=\"alignnone wp-image-10731 size-medium\" src=\"https:\/\/www.inov-on-experience.fr\/wp-content\/uploads\/2020\/10\/Charlotte-RIVATON-e1602771945102-300x300.jpg\" alt=\"\" width=\"300\" height=\"300\" \/><\/p>\n<p style=\"text-align: center;\"><span style=\"font-weight: 400;\"><strong>Charlotte et Julien RIVATON<\/strong>, Exhibit Group<\/span><\/p>\n<blockquote>\n<p><span data-sheets-value=\"{&quot;1&quot;:2,&quot;2&quot;:&quot;Nous avons eu l\u2019opportunit\u00e9, la chance de suivre un accompagnement aupr\u00e8s d\u2019Alexandre G\u00e9rard et de Christophe Collignon.\\nQuelques temps avant, nous avions commenc\u00e9 \u00e0 responsabiliser les salari\u00e9s de notre entreprise avec l\u2019intuition que c\u2019\u00e9tait un chemin d\u2019avenir pour attirer de nouveaux talents et \u00eatre une entreprise r\u00e9solument moderne et align\u00e9e avec nos valeurs et notre personnalit\u00e9. Nous savions que cette formation existait mais il n\u2019est pas si simple d\u2019y acc\u00e9der et c\u2019est tant mieux. Nous avons franchi le premier test au t\u00e9l\u00e9phone et l\u00e0 nous avons commenc\u00e9 notre voyage\u2026\\n\\nNos journ\u00e9es d\u2019accompagnement avec Alexandre nous ont permis de capitaliser nos intuitions, de nous former \u00e0 des outils d\u2019Intelligence Collective, de nous interroger sur nos m\u00e9thodes mais aussi sur notre posture de dirigeants. Tout est abord\u00e9 et aucune interrogation n\u2019est laiss\u00e9e de c\u00f4t\u00e9. On repart sans frustration, pr\u00eat \u00e0 avancer sur le chemin de lib\u00e9ration \u00e0 chaque nouvelle journ\u00e9e de formation. Nous avons eu le sentiment d\u2019avoir pu \u00e9viter des \u00e9cueils, partager nos doutes, travailler sur notre projection manag\u00e9riale.\\n\\nNous avons aussi pass\u00e9 du temps dans des lieux inspirants et avons eu l\u2019opportunit\u00e9 d\u2019\u00e9changer avec des interlocuteurs ext\u00e9rieurs d\u2019une tr\u00e8s grande qualit\u00e9. L\u2019organisation de ces sessions est aussi \u00e0 mon sens une pause r\u00e9flexive, tout \u00e0 coup on arr\u00eate de p\u00e9daler et simplement on s\u2019interroge. On ne se pose pas seulement des questions, on s\u2019interroge sur notre plan d\u2019action et nous les dirigeants savons tous que c\u2019est de notre adr\u00e9naline dont il est question. Nous en avons besoin de cette action et la formation s\u2019adresse bien \u00e0 nous.\\n\\nC\u2019est une vraie RESSOURCE et une formation diff\u00e9rente de tout ce qui peut exister o\u00f9 le partage l\u2019humilit\u00e9 et l\u2019excellence sont les maitres mots. Un seul mot MERCI\u2026&quot;}\" data-sheets-userformat=\"{&quot;2&quot;:897,&quot;3&quot;:{&quot;1&quot;:0},&quot;10&quot;:0,&quot;11&quot;:4,&quot;12&quot;:0}\">Nous avons eu l\u2019opportunit\u00e9, la chance de suivre un accompagnement aupr\u00e8s d\u2019Alexandre G\u00e9rard et de Christophe Collignon.<br \/>Quelques temps avant, nous avions commenc\u00e9 \u00e0 responsabiliser les salari\u00e9s de notre entreprise avec l\u2019intuition que c\u2019\u00e9tait un chemin d\u2019avenir pour attirer de nouveaux talents et \u00eatre une entreprise r\u00e9solument moderne et align\u00e9e avec nos valeurs et notre personnalit\u00e9. Nous savions que cette formation existait mais il n\u2019est pas si simple d\u2019y acc\u00e9der et c\u2019est tant mieux. Nous avons franchi le premier test au t\u00e9l\u00e9phone et l\u00e0 nous avons commenc\u00e9 notre voyage\u2026<\/span><\/p>\n<p>Nos journ\u00e9es d\u2019accompagnement avec Alexandre nous ont permis de capitaliser nos intuitions, de nous former \u00e0 des outils d\u2019Intelligence Collective, de nous interroger sur nos m\u00e9thodes mais aussi sur notre posture de dirigeants. Tout est abord\u00e9 et aucune interrogation n\u2019est laiss\u00e9e de c\u00f4t\u00e9. On repart sans frustration, pr\u00eat \u00e0 avancer sur le chemin de lib\u00e9ration \u00e0 chaque nouvelle journ\u00e9e de formation. Nous avons eu le sentiment d\u2019avoir pu \u00e9viter des \u00e9cueils, partager nos doutes, travailler sur notre projection manag\u00e9riale.<\/p>\n<p>Nous avons aussi pass\u00e9 du temps dans des lieux inspirants et avons eu l\u2019opportunit\u00e9 d\u2019\u00e9changer avec des interlocuteurs ext\u00e9rieurs d\u2019une tr\u00e8s grande qualit\u00e9. L\u2019organisation de ces sessions est aussi \u00e0 mon sens une pause r\u00e9flexive, tout \u00e0 coup on arr\u00eate de p\u00e9daler et simplement on s\u2019interroge. On ne se pose pas seulement des questions, on s\u2019interroge sur notre plan d\u2019action et nous les dirigeants savons tous que c\u2019est de notre adr\u00e9naline dont il est question. Nous en avons besoin de cette action et la formation s\u2019adresse bien \u00e0 nous.<\/p>\n<p>C\u2019est une vraie RESSOURCE et une formation diff\u00e9rente de tout ce qui peut exister o\u00f9 le partage l\u2019humilit\u00e9 et l\u2019excellence sont les maitres mots. Un seul mot MERCI\u2026<\/p>\n<\/blockquote>\n<p>[\/et_pb_text][\/et_pb_column][\/et_pb_row][et_pb_row module_class=&#8221;cta-temoignage&#8221; _builder_version=&#8221;4.4.9&#8243;][et_pb_column type=&#8221;4_4&#8243; _builder_version=&#8221;4.4.9&#8243;][et_pb_image src=&#8221;https:\/\/www.inov-on-experience.fr\/wp-content\/uploads\/2020\/08\/Oiseau-bleu-rouge.png&#8221; alt=&#8221;Oiseau bleu-rouge&#8221; title_text=&#8221;Oiseau bleu-rouge&#8221; align=&#8221;center&#8221; _builder_version=&#8221;4.4.9&#8243; width=&#8221;40%&#8221; max_width=&#8221;150px&#8221; module_alignment=&#8221;center&#8221;][\/et_pb_image][et_pb_text _builder_version=&#8221;4.4.9&#8243;]<\/p>\n<p style=\"text-align: center;\"><span style=\"font-weight: 400;\"><strong>Co-construisez avec vos \u00e9quipiers la vision et les valeurs de votre organisation !<\/strong><br \/><\/span><\/p>\n<p>[\/et_pb_text][et_pb_button button_url=&#8221;@ET-DC@eyJkeW5hbWljIjp0cnVlLCJjb250ZW50IjoicG9zdF9saW5rX3VybF9hY2NvbXBhZ25lbWVudHMiLCJzZXR0aW5ncyI6eyJwb3N0X2lkIjoiOTQwMiJ9fQ==@&#8221; url_new_window=&#8221;on&#8221; button_text=&#8221;Processus \u201cVision et valeurs\u201d&#8221; module_class=&#8221;style-bouton-1&#8243; _builder_version=&#8221;4.4.9&#8243; _dynamic_attributes=&#8221;button_url&#8221; custom_button=&#8221;on&#8221; button_use_icon=&#8221;off&#8221;][\/et_pb_button][et_pb_button button_url=&#8221;@ET-DC@eyJkeW5hbWljIjp0cnVlLCJjb250ZW50IjoicG9zdF9saW5rX3VybF9wYWdlIiwic2V0dGluZ3MiOnsicG9zdF9pZCI6IjkxMDkifX0=@&#8221; url_new_window=&#8221;on&#8221; button_text=&#8221;Tous nos accompagnements&#8221; module_class=&#8221;style-bouton-1-bleu&#8221; _builder_version=&#8221;4.4.9&#8243; _dynamic_attributes=&#8221;button_url&#8221; custom_button=&#8221;on&#8221; button_use_icon=&#8221;off&#8221;][\/et_pb_button][\/et_pb_column][\/et_pb_row][\/et_pb_section][et_pb_section fb_built=&#8221;1&#8243; disabled_on=&#8221;on|on|on&#8221; admin_label=&#8221;DG des services &#8211; Intelligence collective&#8221; module_id=&#8221;Collectivite-territoriale&#8221; module_class=&#8221;popup_tem popup&#8221; _builder_version=&#8221;4.4.9&#8243; da_is_popup=&#8221;on&#8221; da_popup_slug=&#8221;Collectivite-territoriale&#8221; da_disable_devices=&#8221;off|off|off&#8221; disabled=&#8221;on&#8221; da_exit_intent=&#8221;off&#8221; da_has_close=&#8221;on&#8221; da_alt_close=&#8221;off&#8221; da_dark_close=&#8221;off&#8221; da_not_modal=&#8221;on&#8221; da_is_singular=&#8221;off&#8221; da_with_loader=&#8221;off&#8221; da_has_shadow=&#8221;on&#8221;][et_pb_row _builder_version=&#8221;4.4.9&#8243;][et_pb_column type=&#8221;4_4&#8243; _builder_version=&#8221;4.4.9&#8243;][et_pb_text admin_label=&#8221;DG des services&#8221; _builder_version=&#8221;4.4.9&#8243;]<\/p>\n<p class=\"img-temoignage\"><img decoding=\"async\" class=\"alignnone wp-image-10743 size-medium\" src=\"https:\/\/www.inov-on-experience.fr\/wp-content\/uploads\/2020\/10\/photo-pour-collectivit\u00e9-e1602766608342-300x300.jpg\" alt=\"\" width=\"300\" height=\"300\" srcset=\"https:\/\/www.inov-on-experience.fr\/wp-content\/uploads\/2020\/10\/photo-pour-collectivit\u00e9-e1602766608342-300x300.jpg 300w, https:\/\/www.inov-on-experience.fr\/wp-content\/uploads\/2020\/10\/photo-pour-collectivit\u00e9-e1602766608342-100x100.jpg 100w, https:\/\/www.inov-on-experience.fr\/wp-content\/uploads\/2020\/10\/photo-pour-collectivit\u00e9-e1602766608342-600x600.jpg 600w, https:\/\/www.inov-on-experience.fr\/wp-content\/uploads\/2020\/10\/photo-pour-collectivit\u00e9-e1602766608342-150x150.jpg 150w, https:\/\/www.inov-on-experience.fr\/wp-content\/uploads\/2020\/10\/photo-pour-collectivit\u00e9-e1602766608342-768x768.jpg 768w, https:\/\/www.inov-on-experience.fr\/wp-content\/uploads\/2020\/10\/photo-pour-collectivit\u00e9-e1602766608342-50x50.jpg 50w, https:\/\/www.inov-on-experience.fr\/wp-content\/uploads\/2020\/10\/photo-pour-collectivit\u00e9-e1602766608342.jpg 851w\" sizes=\"(max-width: 300px) 100vw, 300px\" \/><\/p>\n<p style=\"text-align: center;\"><strong class=\"et_pb_testimonial_author\">T\u00e9moignage d&#8217;un directeur g\u00e9n\u00e9ral des services, <\/strong>Collectivit\u00e9 Territoriale<\/p>\n<blockquote>\n<p>Alexandre et Sophie nous accompagnent depuis 8 mois sur un coaching collectif de codir d\u2019une collectivit\u00e9 territoriale de 40 000 habitants. Leur accompagnement nous permet de nous former aux outils d\u2019intelligence collective et par ce biais nous acculture \u00e0 l\u2019entreprise lib\u00e9r\u00e9e. Leur accompagnement exemplaire en m\u00e9thode \u00e9claire la posture de leadeur jardinier que nous devons prendre. La d\u00e9marche de coaching en journ\u00e9es espac\u00e9es (soir\u00e9e veille\/lendemain formation) sur plusieurs mois, permet de garantir la prise de conscience des collaborateurs et de cr\u00e9er les conditions durables de responsabilisation des \u00e9quipes, puisque le codir doit \u00eatre autonome en fin d\u2019accompagnement. Leur accompagnement permet \u00e0 la fois d\u2019identifier le chemin tr\u00e8s exigeant \u00e0 prendre, et que\u2026 c\u2019est possible. Exp\u00e9rience humaine avec eux et mon \u00e9quipe extraordinaire.Pour entreprendre ce voyage, il faut \u00eatre pr\u00eat \u00e0 s\u2019engager dans un chemin int\u00e9rieur tr\u00e8s profond, en termes de d\u00e9veloppement personnel, pour trouver l\u2019humilit\u00e9 propre au p\u00e8lerin qui chemine. C\u2019est un accompagnement qui produit des \u00eatres humains inspirants !<\/p>\n<\/blockquote>\n<p>[\/et_pb_text][\/et_pb_column][\/et_pb_row][et_pb_row module_class=&#8221;cta-temoignage&#8221; _builder_version=&#8221;4.4.9&#8243;][et_pb_column type=&#8221;4_4&#8243; _builder_version=&#8221;4.4.9&#8243;][et_pb_image src=&#8221;https:\/\/www.inov-on-experience.fr\/wp-content\/uploads\/2020\/08\/Oiseau-bleu-rouge.png&#8221; alt=&#8221;Oiseau bleu-rouge&#8221; title_text=&#8221;Oiseau bleu-rouge&#8221; align=&#8221;center&#8221; _builder_version=&#8221;4.4.9&#8243; width=&#8221;40%&#8221; max_width=&#8221;150px&#8221; module_alignment=&#8221;center&#8221;][\/et_pb_image][et_pb_text _builder_version=&#8221;4.4.9&#8243;]<\/p>\n<p style=\"text-align: center;\"><span style=\"font-weight: 400;\"><strong>Apprenez \u00e0 construire et animer des processus collaboratifs de fa\u00e7on efficace et ludique.<\/strong><br \/><\/span><\/p>\n<p>[\/et_pb_text][et_pb_button button_url=&#8221;@ET-DC@eyJkeW5hbWljIjp0cnVlLCJjb250ZW50IjoicG9zdF9saW5rX3VybF9mb3JtYXRpb25zIiwic2V0dGluZ3MiOnsicG9zdF9pZCI6Ijk0NjUifX0=@&#8221; url_new_window=&#8221;on&#8221; button_text=&#8221;D\u00e9couvrir notre formation intelligence collective&#8221; module_class=&#8221;style-bouton-1&#8243; _builder_version=&#8221;4.4.9&#8243; _dynamic_attributes=&#8221;button_url&#8221; custom_button=&#8221;on&#8221; button_use_icon=&#8221;off&#8221;][\/et_pb_button][et_pb_button button_url=&#8221;@ET-DC@eyJkeW5hbWljIjp0cnVlLCJjb250ZW50IjoicG9zdF9saW5rX3VybF9wYWdlIiwic2V0dGluZ3MiOnsicG9zdF9pZCI6IjkxMDMifX0=@&#8221; url_new_window=&#8221;on&#8221; button_text=&#8221;Toutes nos formations&#8221; module_class=&#8221;style-bouton-1-bleu&#8221; _builder_version=&#8221;4.4.9&#8243; _dynamic_attributes=&#8221;button_url&#8221; custom_button=&#8221;on&#8221; button_use_icon=&#8221;off&#8221;][\/et_pb_button][\/et_pb_column][\/et_pb_row][\/et_pb_section][et_pb_section fb_built=&#8221;1&#8243; disabled_on=&#8221;on|on|on&#8221; admin_label=&#8221;Vincent OSMONT &#8211; Dirigeants&#8221; module_id=&#8221;Osmont&#8221; module_class=&#8221;popup_tem popup&#8221; _builder_version=&#8221;4.4.9&#8243; da_is_popup=&#8221;on&#8221; da_popup_slug=&#8221;Osmont&#8221; da_disable_devices=&#8221;off|off|off&#8221; disabled=&#8221;on&#8221; da_exit_intent=&#8221;off&#8221; da_has_close=&#8221;on&#8221; da_alt_close=&#8221;off&#8221; da_dark_close=&#8221;off&#8221; da_not_modal=&#8221;on&#8221; da_is_singular=&#8221;off&#8221; da_with_loader=&#8221;off&#8221; da_has_shadow=&#8221;on&#8221;][et_pb_row _builder_version=&#8221;4.4.9&#8243;][et_pb_column type=&#8221;4_4&#8243; _builder_version=&#8221;4.4.9&#8243;][et_pb_text admin_label=&#8221;Vincent OSMONT&#8221; _builder_version=&#8221;4.4.9&#8243;]<\/p>\n<p class=\"img-temoignage\"><img decoding=\"async\" class=\"wp-image-10962 alignnone size-full\" src=\"https:\/\/www.inov-on-experience.fr\/wp-content\/uploads\/2020\/10\/vincent-osmont.jpg\" alt=\"Vincent osmont \" width=\"250\" height=\"250\" srcset=\"https:\/\/www.inov-on-experience.fr\/wp-content\/uploads\/2020\/10\/vincent-osmont.jpg 250w, https:\/\/www.inov-on-experience.fr\/wp-content\/uploads\/2020\/10\/vincent-osmont-100x100.jpg 100w, https:\/\/www.inov-on-experience.fr\/wp-content\/uploads\/2020\/10\/vincent-osmont-150x150.jpg 150w, https:\/\/www.inov-on-experience.fr\/wp-content\/uploads\/2020\/10\/vincent-osmont-50x50.jpg 50w\" sizes=\"(max-width: 250px) 100vw, 250px\" \/><\/p>\n<p style=\"text-align: center;\"><strong>Vincent OSMONT<\/strong>, P\u00e2tisserie OSMONT<\/p>\n<blockquote><p><span style=\"font-weight: 400;\">\u201cJe suis fils de p\u00e2tissier, petit-fils et arri\u00e8re petit-fils de boulanger, des milieux o\u00f9 la hi\u00e9rarchie et l\u2019autorit\u00e9 supr\u00eame r\u00e8gnent compl\u00e8tement&#8230; \u00c0 20 ans, j\u2019ai d\u00e9couvert que ce mode de fonctionnement ne me convenait pas et \u00e9tait beaucoup trop douloureux pour moi. Il m\u2019a fallu dix ans pour r\u00e9ussir \u00e0 trouver la voie que je voulais suivre dans ce domaine-l\u00e0. Mon exp\u00e9rience dans le fonctionnement collaboratif se r\u00e9sume aujourd\u2019hui \u00e0 essayer de donner le moins d\u2019ordres possibles \u00e0 mes \u00e9quipes et plut\u00f4t de leur faire confiance, plus j\u2019agis comme \u00e7a, plus ce qu\u2019ils me rendent est pr\u00e9cieux !\u00a0<\/span><\/p><\/blockquote>\n<p>[\/et_pb_text][et_pb_video src=&#8221;https:\/\/youtu.be\/P8VqhbeSFbc&#8221; _builder_version=&#8221;4.4.9&#8243; width=&#8221;70%&#8221; module_alignment=&#8221;center&#8221;][\/et_pb_video][\/et_pb_column][\/et_pb_row][et_pb_row module_class=&#8221;cta-temoignage&#8221; _builder_version=&#8221;4.4.9&#8243;][et_pb_column type=&#8221;4_4&#8243; _builder_version=&#8221;4.4.9&#8243;][et_pb_image src=&#8221;https:\/\/www.inov-on-experience.fr\/wp-content\/uploads\/2020\/08\/Oiseau-bleu-rouge.png&#8221; alt=&#8221;Oiseau bleu-rouge&#8221; title_text=&#8221;Oiseau bleu-rouge&#8221; align=&#8221;center&#8221; _builder_version=&#8221;4.4.9&#8243; width=&#8221;40%&#8221; max_width=&#8221;150px&#8221; module_alignment=&#8221;center&#8221;][\/et_pb_image][et_pb_text _builder_version=&#8221;4.4.9&#8243; width=&#8221;70%&#8221; module_alignment=&#8221;center&#8221;]<\/p>\n<p style=\"text-align: center;\"><strong>Vous souhaitez initier une r\u00e9organisation en profondeur de votre organisation tout en restant en phase avec votre vision et vos valeurs ? <\/strong><\/p>\n<p>[\/et_pb_text][et_pb_button button_url=&#8221;@ET-DC@eyJkeW5hbWljIjp0cnVlLCJjb250ZW50IjoicG9zdF9saW5rX3VybF9hY2NvbXBhZ25lbWVudHMiLCJzZXR0aW5ncyI6eyJwb3N0X2lkIjoiOTM2OCJ9fQ==@&#8221; url_new_window=&#8221;on&#8221; button_text=&#8221;D\u00e9couvrir notre Parcours Dirigeants&#8221; module_class=&#8221;style-bouton-1&#8243; _builder_version=&#8221;4.4.9&#8243; _dynamic_attributes=&#8221;button_url&#8221; custom_button=&#8221;on&#8221; button_use_icon=&#8221;off&#8221;][\/et_pb_button][et_pb_button button_url=&#8221;@ET-DC@eyJkeW5hbWljIjp0cnVlLCJjb250ZW50IjoicG9zdF9saW5rX3VybF9wYWdlIiwic2V0dGluZ3MiOnsicG9zdF9pZCI6IjkxMDkifX0=@&#8221; url_new_window=&#8221;on&#8221; button_text=&#8221;Tous nos accompagnements&#8221; module_class=&#8221;style-bouton-1-bleu&#8221; _builder_version=&#8221;4.4.9&#8243; _dynamic_attributes=&#8221;button_url&#8221; custom_button=&#8221;on&#8221; button_use_icon=&#8221;off&#8221;][\/et_pb_button][et_pb_text _builder_version=&#8221;4.4.9&#8243; custom_margin=&#8221;25px||||false|false&#8221;]<\/p>\n<p style=\"text-align: center;\"><strong>Apprenez \u00e0 construire et animer des processus collaboratifs<\/strong><span style=\"font-weight: 400;\"><strong> de fa\u00e7on efficace et ludique.<\/strong><br \/><\/span><\/p>\n<p>[\/et_pb_text][et_pb_button button_url=&#8221;@ET-DC@eyJkeW5hbWljIjp0cnVlLCJjb250ZW50IjoicG9zdF9saW5rX3VybF9mb3JtYXRpb25zIiwic2V0dGluZ3MiOnsicG9zdF9pZCI6Ijk0NjUifX0=@&#8221; url_new_window=&#8221;on&#8221; button_text=&#8221;D\u00e9couvrir notre formation intelligence collective&#8221; module_class=&#8221;style-bouton-1&#8243; _builder_version=&#8221;4.4.9&#8243; _dynamic_attributes=&#8221;button_url&#8221; custom_button=&#8221;on&#8221; button_use_icon=&#8221;off&#8221;][\/et_pb_button][et_pb_button button_url=&#8221;@ET-DC@eyJkeW5hbWljIjp0cnVlLCJjb250ZW50IjoicG9zdF9saW5rX3VybF9wYWdlIiwic2V0dGluZ3MiOnsicG9zdF9pZCI6IjkxMDMifX0=@&#8221; url_new_window=&#8221;on&#8221; button_text=&#8221;Toutes nos formations&#8221; module_class=&#8221;style-bouton-1-bleu&#8221; _builder_version=&#8221;4.4.9&#8243; _dynamic_attributes=&#8221;button_url&#8221; custom_button=&#8221;on&#8221; button_use_icon=&#8221;off&#8221;][\/et_pb_button][\/et_pb_column][\/et_pb_row][\/et_pb_section][et_pb_section fb_built=&#8221;1&#8243; disabled_on=&#8221;on|on|on&#8221; admin_label=&#8221;Daniel Dries, Infodata &#8211; Com Bienveillante&#8221; module_id=&#8221;Dries&#8221; module_class=&#8221;popup_tem popup&#8221; _builder_version=&#8221;4.4.9&#8243; da_is_popup=&#8221;on&#8221; da_popup_slug=&#8221;Dries&#8221; da_disable_devices=&#8221;off|off|off&#8221; disabled=&#8221;on&#8221; da_exit_intent=&#8221;off&#8221; da_has_close=&#8221;on&#8221; da_alt_close=&#8221;off&#8221; da_dark_close=&#8221;off&#8221; da_not_modal=&#8221;on&#8221; da_is_singular=&#8221;off&#8221; da_with_loader=&#8221;off&#8221; da_has_shadow=&#8221;on&#8221;][et_pb_row _builder_version=&#8221;4.4.9&#8243;][et_pb_column type=&#8221;4_4&#8243; _builder_version=&#8221;4.4.9&#8243;][et_pb_text admin_label=&#8221;Daniel Dries, Infodata&#8221; _builder_version=&#8221;4.4.9&#8243;]<\/p>\n<p class=\"img-temoignage\"><img decoding=\"async\" class=\"wp-image-10733 size-medium aligncenter\" src=\"https:\/\/www.inov-on-experience.fr\/wp-content\/uploads\/2020\/10\/EDV_Mr-Dries-InfoData-1-300x297.jpg\" alt=\"InfoDate_Daniel_Dries\" width=\"300\" height=\"297\" \/><\/p>\n<p style=\"text-align: center;\"><span style=\"font-weight: 400;\"><strong>Daniel Dries<\/strong>, Infodata<\/span><\/p>\n<blockquote><p><span style=\"font-weight: 400;\">L&#8217;exp\u00e9rience du collaboratif chez nous est tr\u00e8s positive. Elle permet trois choses. La premi\u00e8re est d&#8217;apprendre sur soi, nos diff\u00e9rences vis-\u00e0-vis des autres et sur le l\u00e2cher prise. La deuxi\u00e8me est de constater que lorsque l&#8217;on donne confiance aux gens, ils nous montrent de quoi ils sont capables. Et la troisi\u00e8me c&#8217;est de revenir aux fondamentaux : \u00e0 l&#8217;humain et \u00e0 prendre du plaisir. Ce qui est important c&#8217;est d&#8217;\u00eatre heureux, de s&#8217;\u00e9couter, tout au fond de soi.\u00a0<\/span><\/p>\n<p><span style=\"font-weight: 400;\">Nous avons suivi le parcours dirigeants d\u2019inov-On Exp\u00e9rience, lors duquel nous avons appris beaucoup d\u2019outils, dont la communication bienveillante. C\u2019est un sujet passionnant qui m\u00e9rite du temps et de l\u2019exp\u00e9rience pour comprendre les principes. Sans la connaissance de ces outils, nous faisons tous de grosses erreurs qui ont des cons\u00e9quences dans nos relations avec les autres&#8230;\u00a0<\/span><\/p>\n<p><span style=\"font-weight: 400;\">Culturellement, lorsque nous rencontrons des diff\u00e9rends, nous essayons de d\u00e9fendre notre point de vue et on se retrouve dans un rapport de force qui ne r\u00e9sout rien. Nous devons nous poser les bonnes questions et tenter de comprendre nos sentiments et besoins, et ceux des autres, avant de r\u00e9agir. Cela permet d\u2019\u00e9viter que les choses montent en pression lors d\u2019un conflit. Lorsqu\u2019une personne utilise la technique de communication bienveillante, \u00e7a ne peut jamais prendre trop d\u2019intensit\u00e9, \u00e7a apaise naturellement les relations. Nous devons apprendre \u00e0 travailler sur nous pour y parvenir. Et ce qui est formidable, c\u2019est que cette technique de communication est valable \u00e9galement dans la vie personnelle. Ma prochaine \u00e9tape sera de continuer \u00e0 former le maximum de nos collaborateurs. Travailler sur la gestion des tensions devrait \u00eatre obligatoire pour le bien de tout le monde !<\/span><\/p><\/blockquote>\n<p>[\/et_pb_text][\/et_pb_column][\/et_pb_row][et_pb_row module_class=&#8221;cta-temoignage&#8221; _builder_version=&#8221;4.4.9&#8243;][et_pb_column type=&#8221;4_4&#8243; _builder_version=&#8221;4.4.9&#8243;][et_pb_image src=&#8221;https:\/\/www.inov-on-experience.fr\/wp-content\/uploads\/2020\/08\/Oiseau-bleu-rouge.png&#8221; alt=&#8221;Oiseau bleu-rouge&#8221; title_text=&#8221;Oiseau bleu-rouge&#8221; align=&#8221;center&#8221; _builder_version=&#8221;4.4.9&#8243; width=&#8221;40%&#8221; max_width=&#8221;150px&#8221; module_alignment=&#8221;center&#8221;][\/et_pb_image][et_pb_text _builder_version=&#8221;4.4.9&#8243;]<\/p>\n<p style=\"text-align: center;\"><strong><b>Apprenez \u00e0 mieux vous conna\u00eetre et vous comprendre pour mieux comprendre les autres et faciliter la communication au sein de votre organisation.<\/b><\/strong><\/p>\n<p>[\/et_pb_text][et_pb_button button_url=&#8221;@ET-DC@eyJkeW5hbWljIjp0cnVlLCJjb250ZW50IjoicG9zdF9saW5rX3VybF9mb3JtYXRpb25zIiwic2V0dGluZ3MiOnsicG9zdF9pZCI6IjkwMjAifX0=@&#8221; url_new_window=&#8221;on&#8221; button_text=&#8221;D\u00e9couvrir notre formation communication bienveillante&#8221; module_class=&#8221;style-bouton-1&#8243; _builder_version=&#8221;4.4.9&#8243; _dynamic_attributes=&#8221;button_url&#8221; custom_button=&#8221;on&#8221; button_use_icon=&#8221;off&#8221;][\/et_pb_button][et_pb_button button_url=&#8221;@ET-DC@eyJkeW5hbWljIjp0cnVlLCJjb250ZW50IjoicG9zdF9saW5rX3VybF9hY2NvbXBhZ25lbWVudHMiLCJzZXR0aW5ncyI6eyJwb3N0X2lkIjoiOTM2OCJ9fQ==@&#8221; url_new_window=&#8221;on&#8221; button_text=&#8221;D\u00e9couvrir le Parcours Dirigeants&#8221; module_class=&#8221;style-bouton-1&#8243; _builder_version=&#8221;4.4.9&#8243; _dynamic_attributes=&#8221;button_url&#8221; custom_button=&#8221;on&#8221; button_use_icon=&#8221;off&#8221;][\/et_pb_button][et_pb_button button_url=&#8221;@ET-DC@eyJkeW5hbWljIjp0cnVlLCJjb250ZW50IjoicG9zdF9saW5rX3VybF9wYWdlIiwic2V0dGluZ3MiOnsicG9zdF9pZCI6IjkxMDkifX0=@&#8221; url_new_window=&#8221;on&#8221; button_text=&#8221;Tous nos accompagnements&#8221; module_class=&#8221;style-bouton-1-bleu&#8221; _builder_version=&#8221;4.4.9&#8243; _dynamic_attributes=&#8221;button_url&#8221; custom_button=&#8221;on&#8221; button_use_icon=&#8221;off&#8221;][\/et_pb_button][\/et_pb_column][\/et_pb_row][\/et_pb_section][et_pb_section fb_built=&#8221;1&#8243; disabled_on=&#8221;on|on|on&#8221; admin_label=&#8221;Chronoflex Produit &#8211; Coaching collectif&#8221; module_id=&#8221;coaching-co&#8221; module_class=&#8221;popup_tem popup&#8221; _builder_version=&#8221;4.4.9&#8243; da_is_popup=&#8221;on&#8221; da_popup_slug=&#8221;coaching-co&#8221; da_disable_devices=&#8221;off|off|off&#8221; disabled=&#8221;on&#8221; da_exit_intent=&#8221;off&#8221; da_has_close=&#8221;on&#8221; da_alt_close=&#8221;off&#8221; da_dark_close=&#8221;off&#8221; da_not_modal=&#8221;on&#8221; da_is_singular=&#8221;off&#8221; da_with_loader=&#8221;off&#8221; da_has_shadow=&#8221;on&#8221;][et_pb_row _builder_version=&#8221;4.4.9&#8243;][et_pb_column type=&#8221;4_4&#8243; _builder_version=&#8221;4.4.9&#8243;][et_pb_text admin_label=&#8221;Chronoflex Produit&#8221; _builder_version=&#8221;4.4.9&#8243;]<\/p>\n<p class=\"img-temoignage\"><img decoding=\"async\" class=\"wp-image-10960 alignnone size-full\" src=\"https:\/\/www.inov-on-experience.fr\/wp-content\/uploads\/2020\/10\/coaching-collectif-2.jpg\" alt=\"\" width=\"200\" height=\"200\" srcset=\"https:\/\/www.inov-on-experience.fr\/wp-content\/uploads\/2020\/10\/coaching-collectif-2.jpg 200w, https:\/\/www.inov-on-experience.fr\/wp-content\/uploads\/2020\/10\/coaching-collectif-2-100x100.jpg 100w, https:\/\/www.inov-on-experience.fr\/wp-content\/uploads\/2020\/10\/coaching-collectif-2-150x150.jpg 150w, https:\/\/www.inov-on-experience.fr\/wp-content\/uploads\/2020\/10\/coaching-collectif-2-50x50.jpg 50w\" sizes=\"(max-width: 200px) 100vw, 200px\" \/><\/p>\n<p style=\"text-align: center;\"><span style=\"font-weight: 400;\"><strong>\u00c9quipe Produit<\/strong>, CHRONO Flex<\/span><\/p>\n<blockquote>\n<p dir=\"ltr\">&#8220;C\u2019est une bonne exp\u00e9rience, \u00e7a a permis de se poser certaines questions sur soi, sa posture, ce qu\u2019on d\u00e9gage quand on s\u2019exprime avec l\u2019\u00e9quipe.&#8221;<\/p>\n<p>&nbsp;<\/p>\n<p dir=\"ltr\">&#8220;J\u2019\u00e9tais un peu sceptique au d\u00e9but et puis en fait, on a appris \u00e0 se d\u00e9couvrir et \u00e0 en ressortir pas mal de choses positives. C\u2019\u00e9tait tr\u00e8s enrichissant personnellement et professionnellement. Je le conseille.&#8221;<\/p>\n<p>&nbsp;<\/p>\n<p dir=\"ltr\">&#8220;On a d\u00e9cid\u00e9 en \u00e9quipe de se faire suivre par des coachs. Et c\u2019est assez int\u00e9ressant, on se d\u00e9couvre tous. Tout le monde parle, tout le monde oser parler, ce qu\u2019on ne faisait pas avant. Aujourd\u2019hui on ose un peu plus se dire les choses, sans blesser ou faire de mal \u00e0 l\u2019autre.&#8221;<\/p>\n<p>&nbsp;<\/p>\n<p dir=\"ltr\">&#8220;Gr\u00e2ce \u00e0 \u00e7a, on sait parler vrai, mais avec le tact en plus ! On sait se dire les choses sans se faire du mal. On sait communiquer et on se voit diff\u00e9remment.&#8221;<\/p>\n<p>&nbsp;<\/p>\n<p dir=\"ltr\">&#8220;On a vraiment appris ce qu\u2019\u00e9tait une \u00e9quipe. On partait de loin, avec des nouveaux, des anciens et des m\u00e9thodes de travail diff\u00e9rentes et l\u00e0 on a suivit le m\u00eame cap. On a eu un r\u00e9el esprit de coh\u00e9sion pendant ce coaching.&#8221;<\/p>\n<p>&nbsp;<\/p>\n<p dir=\"ltr\">&#8220;Il y a eu une mont\u00e9e en puissance \u00e0 travers cet accompagnement, il y a eu des s\u00e9ances difficiles, des moments o\u00f9 ce n\u2019\u00e9tait pas simple.&#8221;<\/p>\n<p>&nbsp;<\/p>\n<p dir=\"ltr\">&#8220;Je le conseille aux autres \u00e9quipes, c\u2019est int\u00e9ressant, \u00e7a permet de se ressouder, de mieux conna\u00eetre ses coll\u00e8gues et se dire les choses sans brutalit\u00e9.&#8221;<\/p>\n<p><span id=\"m_2696090106585631079gmail-docs-internal-guid-a5e4826f-7fff-07ae-d958-9c9bc474a6e0\"><br \/>&#8220;L&#8217;arbre qui a \u00e9t\u00e9 plant\u00e9 a pris, il y a des racines, mais il est important de continuer \u00e0 l&#8217;arroser pour qu&#8217;il vive&#8230; &#8220;<\/span><\/p>\n<\/blockquote>\n<p>[\/et_pb_text][\/et_pb_column][\/et_pb_row][et_pb_row module_class=&#8221;cta-temoignage&#8221; _builder_version=&#8221;4.4.9&#8243;][et_pb_column type=&#8221;4_4&#8243; _builder_version=&#8221;4.4.9&#8243;][et_pb_image src=&#8221;https:\/\/www.inov-on-experience.fr\/wp-content\/uploads\/2020\/08\/Oiseau-bleu-rouge.png&#8221; alt=&#8221;Oiseau bleu-rouge&#8221; title_text=&#8221;Oiseau bleu-rouge&#8221; align=&#8221;center&#8221; _builder_version=&#8221;4.4.9&#8243; width=&#8221;40%&#8221; max_width=&#8221;150px&#8221; module_alignment=&#8221;center&#8221;][\/et_pb_image][et_pb_text _builder_version=&#8221;4.4.9&#8243;]<\/p>\n<p style=\"text-align: center;\"><strong>Le coaching collectif<\/strong><\/p>\n<p>[\/et_pb_text][et_pb_button button_url=&#8221;@ET-DC@eyJkeW5hbWljIjp0cnVlLCJjb250ZW50IjoicG9zdF9saW5rX3VybF9hY2NvbXBhZ25lbWVudHMiLCJzZXR0aW5ncyI6eyJwb3N0X2lkIjoiMTA0NjkifX0=@&#8221; url_new_window=&#8221;on&#8221; button_text=&#8221;D\u00e9couvrir notre coaching collectif&#8221; module_class=&#8221;style-bouton-1&#8243; _builder_version=&#8221;4.4.9&#8243; _dynamic_attributes=&#8221;button_url&#8221; custom_button=&#8221;on&#8221; button_use_icon=&#8221;off&#8221;][\/et_pb_button][et_pb_button button_url=&#8221;@ET-DC@eyJkeW5hbWljIjp0cnVlLCJjb250ZW50IjoicG9zdF9saW5rX3VybF9wYWdlIiwic2V0dGluZ3MiOnsicG9zdF9pZCI6IjkxMDkifX0=@&#8221; url_new_window=&#8221;on&#8221; button_text=&#8221;Toutes nos accompagnements&#8221; module_class=&#8221;style-bouton-1-bleu&#8221; _builder_version=&#8221;4.4.9&#8243; _dynamic_attributes=&#8221;button_url&#8221; custom_button=&#8221;on&#8221; button_use_icon=&#8221;off&#8221;][\/et_pb_button][\/et_pb_column][\/et_pb_row][\/et_pb_section][et_pb_section fb_built=&#8221;1&#8243; disabled_on=&#8221;on|on|on&#8221; admin_label=&#8221;Arduin &#8211; Equicoaching&#8221; module_id=&#8221;arduin&#8221; module_class=&#8221;popup_tem popup&#8221; _builder_version=&#8221;4.4.9&#8243; da_is_popup=&#8221;on&#8221; da_popup_slug=&#8221;arduin&#8221; da_disable_devices=&#8221;off|off|off&#8221; disabled=&#8221;on&#8221; da_exit_intent=&#8221;off&#8221; da_has_close=&#8221;on&#8221; da_alt_close=&#8221;off&#8221; da_dark_close=&#8221;off&#8221; da_not_modal=&#8221;on&#8221; da_is_singular=&#8221;off&#8221; da_with_loader=&#8221;off&#8221; da_has_shadow=&#8221;on&#8221;][et_pb_row _builder_version=&#8221;4.4.9&#8243;][et_pb_column type=&#8221;4_4&#8243; _builder_version=&#8221;4.4.9&#8243;][et_pb_text admin_label=&#8221;Arduin&#8221; _builder_version=&#8221;4.4.9&#8243;]<\/p>\n<p class=\"img-temoignage\"><img decoding=\"async\" class=\"alignnone wp-image-11294 size-thumbnail\" src=\"https:\/\/www.inov-on-experience.fr\/wp-content\/uploads\/2020\/11\/Olivier-ARDUIN-150x150.jpg\" alt=\"\" width=\"150\" height=\"150\" srcset=\"https:\/\/www.inov-on-experience.fr\/wp-content\/uploads\/2020\/11\/Olivier-ARDUIN-150x150.jpg 150w, https:\/\/www.inov-on-experience.fr\/wp-content\/uploads\/2020\/11\/Olivier-ARDUIN-300x300.jpg 300w, https:\/\/www.inov-on-experience.fr\/wp-content\/uploads\/2020\/11\/Olivier-ARDUIN-100x100.jpg 100w, https:\/\/www.inov-on-experience.fr\/wp-content\/uploads\/2020\/11\/Olivier-ARDUIN-50x50.jpg 50w, https:\/\/www.inov-on-experience.fr\/wp-content\/uploads\/2020\/11\/Olivier-ARDUIN.jpg 399w\" sizes=\"(max-width: 150px) 100vw, 150px\" \/><\/p>\n<p style=\"text-align: center;\"><span style=\"font-weight: 400;\"><strong>Olivier Arduin<\/strong>, Leroy Merlin<\/span><\/p>\n<blockquote>\n<p dir=\"ltr\">&#8220;J&#8217;ai eu la chance de participer avec mon \u00e9quipe \u00e0 une journ\u00e9e equicoaching avec Matthieu Wendling. L&#8217;objectif de cette journ\u00e9e \u00e9tait\u00a0double :\u00a0permettre \u00e0 chacun d&#8217;entre nous de travailler notre posture de leader en relation avec le cheval\u00a0et permettre \u00e0 notre \u00e9quipe de leadership de travailler l&#8217;effet de notre collectif avec le cheval.<\/p>\n<div>\u00a0<\/div>\n<div>\n<div><span style=\"color: #000000;\">Cette journ\u00e9e fut exceptionnelle de d\u00e9couvertes, tant sur le plan personnel que\u00a0sur le plan du collectif, et a permis de mieux comprendre l&#8217;effet de notre posture personnelle et de notre interaction en tant que groupe.\u00a0<\/span>L&#8217;interaction avec les chevaux fut r\u00e9v\u00e9latrice du comportement de chacun. Elle est aussi instructive pour la personne qui fait l&#8217;exercice que pour les observateurs, car les s\u00e9quences de debrief sont tr\u00e8s enrichissantes.\u00a0Le clou du spectacle fut l&#8217;exercice en collectif et le d\u00e9brief qui nous a r\u00e9v\u00e9l\u00e9 tout le chemin qui nous reste encore \u00e0 parcourir pour d\u00e9velopper notre vraie posture de leaders.<\/div>\n<div>\u00a0<\/div>\n<div><span style=\"color: #000000;\">J&#8217;\u00e9tais moi m\u00eame en questionnement sur cette approche, mais je dois dire que le travail r\u00e9alis\u00e9 avec les chevaux et les debriefs personnalis\u00e9s et collectifs qui en suivent sont une vraie nouvelle d\u00e9marche de coaching.<\/span>&#8220;<\/div>\n<\/div>\n<\/blockquote>\n<p>[\/et_pb_text][\/et_pb_column][\/et_pb_row][et_pb_row module_class=&#8221;cta-temoignage&#8221; _builder_version=&#8221;4.4.9&#8243;][et_pb_column type=&#8221;4_4&#8243; _builder_version=&#8221;4.4.9&#8243;][et_pb_image src=&#8221;https:\/\/www.inov-on-experience.fr\/wp-content\/uploads\/2020\/08\/Oiseau-bleu-rouge.png&#8221; alt=&#8221;Oiseau bleu-rouge&#8221; title_text=&#8221;Oiseau bleu-rouge&#8221; align=&#8221;center&#8221; _builder_version=&#8221;4.4.9&#8243; width=&#8221;40%&#8221; max_width=&#8221;150px&#8221; module_alignment=&#8221;center&#8221;][\/et_pb_image][et_pb_text _builder_version=&#8221;4.4.9&#8243;]<\/p>\n<p style=\"text-align: center;\"><strong>Equicoaching<\/strong><\/p>\n<p>[\/et_pb_text][et_pb_button button_url=&#8221;@ET-DC@eyJkeW5hbWljIjp0cnVlLCJjb250ZW50IjoicG9zdF9saW5rX3VybF9wYWdlIiwic2V0dGluZ3MiOnsicG9zdF9pZCI6IjgyMDAifX0=@&#8221; url_new_window=&#8221;on&#8221; button_text=&#8221;D\u00e9couvrir l&#8217;\u00e9quicoaching&#8221; module_class=&#8221;style-bouton-1&#8243; _builder_version=&#8221;4.4.9&#8243; _dynamic_attributes=&#8221;button_url&#8221; custom_button=&#8221;on&#8221; button_use_icon=&#8221;off&#8221;][\/et_pb_button][et_pb_button button_url=&#8221;@ET-DC@eyJkeW5hbWljIjp0cnVlLCJjb250ZW50IjoicG9zdF9saW5rX3VybF9wYWdlIiwic2V0dGluZ3MiOnsicG9zdF9pZCI6IjkxMDkifX0=@&#8221; url_new_window=&#8221;on&#8221; button_text=&#8221;Toutes nos accompagnements&#8221; module_class=&#8221;style-bouton-1-bleu&#8221; _builder_version=&#8221;4.4.9&#8243; _dynamic_attributes=&#8221;button_url&#8221; custom_button=&#8221;on&#8221; button_use_icon=&#8221;off&#8221;][\/et_pb_button][\/et_pb_column][\/et_pb_row][\/et_pb_section][et_pb_section fb_built=&#8221;1&#8243; disabled_on=&#8221;on|on|on&#8221; admin_label=&#8221;Cercle de pairs &#8211; Cercle de pairs&#8221; module_id=&#8221;cercle-pairs&#8221; module_class=&#8221;popup_tem popup&#8221; _builder_version=&#8221;4.4.9&#8243; da_is_popup=&#8221;on&#8221; da_popup_slug=&#8221;cercle-pairs&#8221; da_disable_devices=&#8221;off|off|off&#8221; disabled=&#8221;on&#8221; da_exit_intent=&#8221;off&#8221; da_has_close=&#8221;on&#8221; da_alt_close=&#8221;off&#8221; da_dark_close=&#8221;off&#8221; da_not_modal=&#8221;on&#8221; da_is_singular=&#8221;off&#8221; da_with_loader=&#8221;off&#8221; da_has_shadow=&#8221;on&#8221;][et_pb_row _builder_version=&#8221;4.4.9&#8243;][et_pb_column type=&#8221;4_4&#8243; _builder_version=&#8221;4.4.9&#8243;][et_pb_text admin_label=&#8221;Cercle de pairs&#8221; _builder_version=&#8221;4.4.9&#8243; text_orientation=&#8221;center&#8221;]<\/p>\n<p class=\"img-temoignage\"><img decoding=\"async\" class=\"alignnone wp-image-11757 size-thumbnail\" src=\"https:\/\/www.inov-on-experience.fr\/wp-content\/uploads\/2021\/01\/Olivier-Margerand-1-150x150.jpg\" alt=\"\" width=\"150\" height=\"150\" srcset=\"https:\/\/www.inov-on-experience.fr\/wp-content\/uploads\/2021\/01\/Olivier-Margerand-1-150x150.jpg 150w, https:\/\/www.inov-on-experience.fr\/wp-content\/uploads\/2021\/01\/Olivier-Margerand-1-300x300.jpg 300w, https:\/\/www.inov-on-experience.fr\/wp-content\/uploads\/2021\/01\/Olivier-Margerand-1-100x100.jpg 100w\" sizes=\"(max-width: 150px) 100vw, 150px\" \/><\/p>\n<p>&nbsp;<\/p>\n<p style=\"text-align: center;\"><b>Olivier Margerand<\/b><span style=\"font-weight: 400;\">, Digital Collab<\/span><\/p>\n<blockquote>\n<p dir=\"ltr\">&#8220;<span style=\"font-weight: 400;\">Participer au Cercle de pairs inov-On Exp\u00e9rience est pour moi une suite logique et incontournable apr\u00e8s avoir suivi le parcours d\u2019accompagnement \u00e0 la transformation. Le processus se poursuit apr\u00e8s les sessions car on ne finit jamais de progresser. Je suis persuad\u00e9 que celui qui n\u2019\u00e9volue pas recule. Nous avons besoin de continuer \u00e0 nous stimuler, d\u2019autant plus que la vision que nous partageons dans ce cercle est encore trop peu r\u00e9pandue. Il est difficile de trouver dans son entourage imm\u00e9diat des gens qui vont vraiment partager cet \u00e9tat d\u2019esprit. Ensemble, nous pouvons parler librement.\u00a0<\/span><\/p>\n<p><span style=\"font-weight: 400;\">C\u2019est quelque chose de tr\u00e8s fort o\u00f9 on oublie le temps comme s\u2019il acc\u00e9l\u00e9rait (\u00e7a file trop vite) et qu\u2019il ralentissait (parce qu\u2019on se retrouve dans une ambiance tr\u00e8s prot\u00e9g\u00e9e). Je trouve que c\u2019est tr\u00e8s inspirant et que cela entretient notre ambition de changement en constatant souvent que l\u2019on vit les m\u00eames choses dans nos entreprises.\u00a0<\/span><\/p>\n<p><span style=\"font-weight: 400;\">Quand j\u2019ai pu venir avec des coll\u00e8gues \u00e0 une r\u00e9union du cercle, elles ont \u00e9t\u00e9 extr\u00eamement touch\u00e9es et ont v\u00e9cu des choses tr\u00e8s fortes. Elles ont mieux compris ce que j\u2019avais v\u00e9cu et donc ce que j\u2019essayais de porter et transmettre en interne.\u00a0<\/span><\/p>\n<p><span style=\"font-weight: 400;\">Si je devais un jour passer la main, m\u2019associer ou \u00eatre second\u00e9 par quelqu\u2019un dans la direction de l\u2019entreprise, je pense que le fait d\u2019appartenir \u00e0 ce cercle, et donc d\u2019avoir fait auparavant le parcours avec inov-On Exp\u00e9rience, serait quasiment un passage oblig\u00e9 ! Cela nous permettrait d\u2019avoir un r\u00e9f\u00e9rentiel commun, parce que nous aurions v\u00e9cu ensemble quelque chose de fort \u00e0 l\u2019ext\u00e9rieur et qui contribuerait \u00e0 notre vision des choses.<\/span><\/p>\n<p><span style=\"font-weight: 400;\">Tout comme le parcours, participer au cercle des pairs est quelque chose qui a un retour sur investissement bien au-del\u00e0 des temps de rencontres \u00e0 mon avis. J\u2019ai d\u2019ailleurs trouv\u00e9 super de co-animer avec Sophie quelques moments lors de la derni\u00e8re fois, c\u2019est tr\u00e8s nourrissant de pouvoir pratiquer dans ce contexte. Pour moi c\u2019est devenu quelque chose d\u2019obligatoire dans mon agenda<\/span><span style=\"font-weight: 400;\">.<\/span>&#8220;<\/p>\n<\/blockquote>\n<p>[\/et_pb_text][\/et_pb_column][\/et_pb_row][et_pb_row module_class=&#8221;cta-temoignage&#8221; _builder_version=&#8221;4.4.9&#8243;][et_pb_column type=&#8221;4_4&#8243; _builder_version=&#8221;4.4.9&#8243;][et_pb_image src=&#8221;https:\/\/www.inov-on-experience.fr\/wp-content\/uploads\/2020\/08\/Oiseau-bleu-rouge.png&#8221; alt=&#8221;Oiseau bleu-rouge&#8221; title_text=&#8221;Oiseau bleu-rouge&#8221; align=&#8221;center&#8221; _builder_version=&#8221;4.4.9&#8243; width=&#8221;40%&#8221; max_width=&#8221;150px&#8221; module_alignment=&#8221;center&#8221;][\/et_pb_image][et_pb_text _builder_version=&#8221;4.4.9&#8243;]<\/p>\n<p style=\"text-align: center;\"><b>Notre communaut\u00e9 de pairs se rencontre une fois par an pour partager leurs avanc\u00e9es, leur chemin, leurs doutes et leurs r\u00e9ussites. Ensemble, ils fortifient un lien utile, cr\u00e9ateur de valeur et soutenant.<\/b><\/p>\n<p>[\/et_pb_text][et_pb_button button_url=&#8221;@ET-DC@eyJkeW5hbWljIjp0cnVlLCJjb250ZW50IjoicG9zdF9saW5rX3VybF9hY2NvbXBhZ25lbWVudHMiLCJzZXR0aW5ncyI6eyJwb3N0X2lkIjoiOTQwMyJ9fQ==@&#8221; url_new_window=&#8221;on&#8221; button_text=&#8221;D\u00e9couvrir notre cercle des pairs&#8221; module_class=&#8221;style-bouton-1&#8243; _builder_version=&#8221;4.4.9&#8243; _dynamic_attributes=&#8221;button_url&#8221; custom_button=&#8221;on&#8221; button_use_icon=&#8221;off&#8221;][\/et_pb_button][et_pb_button button_url=&#8221;@ET-DC@eyJkeW5hbWljIjp0cnVlLCJjb250ZW50IjoicG9zdF9saW5rX3VybF9wYWdlIiwic2V0dGluZ3MiOnsicG9zdF9pZCI6IjkxMDkifX0=@&#8221; url_new_window=&#8221;on&#8221; button_text=&#8221;Tous nos accompagnements&#8221; module_class=&#8221;style-bouton-1-bleu&#8221; _builder_version=&#8221;4.4.9&#8243; _dynamic_attributes=&#8221;button_url&#8221; custom_button=&#8221;on&#8221; button_use_icon=&#8221;off&#8221;][\/et_pb_button][\/et_pb_column][\/et_pb_row][\/et_pb_section][et_pb_section fb_built=&#8221;1&#8243; disabled_on=&#8221;on|on|on&#8221; admin_label=&#8221;Equipiers IO &#8211; Coaching individuel&#8221; module_id=&#8221;coaching-individuel&#8221; module_class=&#8221;popup_tem popup&#8221; _builder_version=&#8221;4.4.9&#8243; da_is_popup=&#8221;on&#8221; da_popup_slug=&#8221;coaching-individuel&#8221; da_disable_devices=&#8221;off|off|off&#8221; disabled=&#8221;on&#8221; da_exit_intent=&#8221;off&#8221; da_has_close=&#8221;on&#8221; da_alt_close=&#8221;off&#8221; da_dark_close=&#8221;off&#8221; da_not_modal=&#8221;on&#8221; da_is_singular=&#8221;off&#8221; da_with_loader=&#8221;off&#8221; da_has_shadow=&#8221;on&#8221;][et_pb_row _builder_version=&#8221;4.4.9&#8243;][et_pb_column type=&#8221;4_4&#8243; _builder_version=&#8221;4.4.9&#8243;][et_pb_text admin_label=&#8221;Coaching individuel&#8221; _builder_version=&#8221;4.4.9&#8243; text_orientation=&#8221;center&#8221;]<\/p>\n<p class=\"img-temoignage\"><img decoding=\"async\" class=\"alignnone wp-image-11888 size-thumbnail\" src=\"https:\/\/www.inov-on-experience.fr\/wp-content\/uploads\/2021\/03\/IO-logo-nouvelle-identit\u00e9-201109-v2-150x150.png\" alt=\"Logo inov-On\" width=\"150\" height=\"150\" srcset=\"https:\/\/www.inov-on-experience.fr\/wp-content\/uploads\/2021\/03\/IO-logo-nouvelle-identit\u00e9-201109-v2-150x150.png 150w, https:\/\/www.inov-on-experience.fr\/wp-content\/uploads\/2021\/03\/IO-logo-nouvelle-identit\u00e9-201109-v2-300x300.png 300w, https:\/\/www.inov-on-experience.fr\/wp-content\/uploads\/2021\/03\/IO-logo-nouvelle-identit\u00e9-201109-v2-100x100.png 100w\" sizes=\"(max-width: 150px) 100vw, 150px\" \/><\/p>\n<p>&nbsp;<\/p>\n<p style=\"text-align: center;\"><b>Equipiers inov-On<\/b><\/p>\n<blockquote>\n<div>&#8220;Autant d&#8217;un point de vue professionnel que personnel, je prends beaucoup plus de recul sur la fa\u00e7on de r\u00e9agir aux choses depuis mon coaching, j\u2019\u00e9coute davantage mes besoins, finalement je m\u2019\u00e9coute plus qu\u2019avant. Il me faut continuer \u00e0 mettre en pratique ce que j\u2019apprends et \u00e0 me faire plus confiance. Il y a assur\u00e9ment un avant et un apr\u00e8s coaching, m\u00eame si celui-ci n\u2019est pas encore termin\u00e9. J&#8217;ai appris \u00e0 poser mon ressenti et \u00e0 anticiper mon besoin avant celui de l\u2019autre. J\u2019ai appr\u00e9ci\u00e9 le fait que le coach partage \u00e9galement ses ressentis pour m\u2019aider, c\u2019\u00e9tait valorisant et aidant de ne pas se \u00ab\u00a0sentir seule\u00a0\u00bb.\u00a0Il faut avoir envie, \u00eatre pr\u00eat \u00e0 le faire. Le coach doit \u00e9galement avoir identifi\u00e9 un besoin pr\u00e9cis. C\u2019est un r\u00e9el travail de confiance, il ne faut pas h\u00e9siter \u00e0 dire non \u00e0 un coach avec qui vous ne vous sentez pas \u00e0 l\u2019aise car vous devez \u00eatre capable de vous livrer. C\u2019est vous qui bossez, pas le coach\u00a0! Il est n\u00e9anmoins l\u00e0 pour vous soutenir et vous aider dans l\u2019atteinte de votre objectif.<\/div>\n<div>\u00a0<\/div>\n<div><span id=\"m_-3808824616139170781gmail-docs-internal-guid-daa263a5-7fff-b94f-728b-3c5fc9fc0abd\">&#8220;L&#8217;envie de mieux g\u00e9rer mes \u00e9motions et de mieux communiquer notamment avec une personne dans mon \u00e9quipe a enclench\u00e9 cet accompagnement.<\/span>\u00a0Je me sens plus apais\u00e9, plus calme, je r\u00e9agis mieux aux \u00e9v\u00e9nements qui peuvent se produire. Je peux m\u00eame aujourd\u2019hui transmettre ce sur quoi j\u2019ai r\u00e9ussi \u00e0 travailler. Il y a vraiment eu un \u00ab avant\/apr\u00e8s coaching \u00bb qui s\u2019inscrit dans un parcours que je m\u00e8ne depuis d\u00e9j\u00e0 trois ans. Le coaching m\u2019a permis d\u2019aller plus loin.\u00a0Il faut \u00eatre ouvert d\u2019esprit, r\u00e9ussir \u00e0 l\u00e2cher prise, faire confiance. Dans tous les cas, ce n\u2019est que du positif. J\u2019ai vraiment appr\u00e9ci\u00e9 le professionnalisme de mon coach, sa posture et sa bienveillance. &#8220;<\/div>\n<div>\u00a0<\/div>\n<div>&#8220;Peu de temps apr\u00e8s mon arriv\u00e9e dans l\u2019\u00e9quipe, j\u2019ai \u00e9t\u00e9 coopt\u00e9 en tant que Team Leader. J\u2019avais besoin de trouver ma place sur cette mission et vis-\u00e0-vis de mes co\u00e9quipiers. C\u2019est pour cette raison que je me suis naturellement tourn\u00e9 vers le coaching. Lors de l\u2019accompagnement, nous nous retrouvions dans un lieu neutre, en dehors du travail. Les s\u00e9ances duraient une \u00e0 deux heures. Finalement des sujets annexes ou autres venaient se greffer \u00e0 mon \u00ab objectif principal \u00bb, la s\u00e9ance prenait la tournure que j\u2019avais envie de lui donner. Entre nos rencontres j\u2019appliquais naturellement les conseils ou apprentissages sur les points bloquants sans pour autant faire \u00ab du copier-coller \u00bb : je le faisais \u00e0 ma mani\u00e8re. Le coaching permet l\u2019\u00e9panouissement, il renforce la connaissance de soi et l\u2019ouverture d\u2019esprit.&#8221;<\/div>\n<\/blockquote>\n<p>[\/et_pb_text][\/et_pb_column][\/et_pb_row][et_pb_row module_class=&#8221;cta-temoignage&#8221; _builder_version=&#8221;4.4.9&#8243;][et_pb_column type=&#8221;4_4&#8243; _builder_version=&#8221;4.4.9&#8243;][et_pb_image src=&#8221;https:\/\/www.inov-on-experience.fr\/wp-content\/uploads\/2020\/08\/Oiseau-bleu-rouge.png&#8221; alt=&#8221;Oiseau bleu-rouge&#8221; title_text=&#8221;Oiseau bleu-rouge&#8221; align=&#8221;center&#8221; _builder_version=&#8221;4.4.9&#8243; width=&#8221;40%&#8221; max_width=&#8221;150px&#8221; module_alignment=&#8221;center&#8221;][\/et_pb_image][et_pb_text disabled_on=&#8221;on|on|on&#8221; _builder_version=&#8221;4.4.9&#8243; disabled=&#8221;on&#8221;]<\/p>\n<p style=\"text-align: center;\"><b>Notre communaut\u00e9 de pairs se rencontre une fois par an pour partager leurs avanc\u00e9es, leur chemin, leurs doutes et leurs r\u00e9ussites. Ensemble, ils fortifient un lien utile, cr\u00e9ateur de valeur et soutenant.<\/b><\/p>\n<p>[\/et_pb_text][et_pb_button button_url=&#8221;@ET-DC@eyJkeW5hbWljIjp0cnVlLCJjb250ZW50IjoicG9zdF9saW5rX3VybF9hY2NvbXBhZ25lbWVudHMiLCJzZXR0aW5ncyI6eyJwb3N0X2lkIjoiOTM5OSJ9fQ==@&#8221; url_new_window=&#8221;on&#8221; button_text=&#8221;D\u00e9couvrir le coaching individuel&#8221; module_class=&#8221;style-bouton-1&#8243; _builder_version=&#8221;4.4.9&#8243; _dynamic_attributes=&#8221;button_url&#8221; custom_button=&#8221;on&#8221; button_use_icon=&#8221;off&#8221;][\/et_pb_button][et_pb_button button_url=&#8221;@ET-DC@eyJkeW5hbWljIjp0cnVlLCJjb250ZW50IjoicG9zdF9saW5rX3VybF9wYWdlIiwic2V0dGluZ3MiOnsicG9zdF9pZCI6IjkxMDkifX0=@&#8221; url_new_window=&#8221;on&#8221; button_text=&#8221;Tous nos accompagnements&#8221; module_class=&#8221;style-bouton-1-bleu&#8221; _builder_version=&#8221;4.4.9&#8243; _dynamic_attributes=&#8221;button_url&#8221; custom_button=&#8221;on&#8221; button_use_icon=&#8221;off&#8221;][\/et_pb_button][\/et_pb_column][\/et_pb_row][\/et_pb_section]<\/p>\n","protected":false},"excerpt":{"rendered":"<p>Dans le domaine des t\u00e9l\u00e9coms, les choses vont tr\u00e8s vite et il nous faut savoir nous adapter et r\u00e9agir tr\u00e8s rapidement face aux enjeux business du moment. Pour cela, il nous faut embarquer tout le monde et \u00e0 tous les niveaux de la hi\u00e9rarchie, en osant aller beaucoup plus loin dans la co construction.J\u2019ai rencontr\u00e9 [&hellip;]<\/p>\n","protected":false},"author":1,"featured_media":0,"parent":0,"menu_order":0,"comment_status":"closed","ping_status":"closed","template":"","meta":{"_acf_changed":false,"_et_pb_use_builder":"on","_et_pb_old_content":"","_et_gb_content_width":"","footnotes":""},"class_list":["post-14132","page","type-page","status-publish","hentry"],"acf":[],"yoast_head":"<!-- This site is optimized with the Yoast SEO plugin v27.4 - https:\/\/yoast.com\/product\/yoast-seo-wordpress\/ -->\n<title>Testimonials - inov-On Exp\u00e9rience<\/title>\n<meta name=\"robots\" content=\"index, follow, max-snippet:-1, max-image-preview:large, max-video-preview:-1\" \/>\n<link rel=\"canonical\" href=\"https:\/\/www.inov-on-experience.fr\/en\/testimonials\/\" \/>\n<meta property=\"og:locale\" content=\"en_US\" \/>\n<meta property=\"og:type\" content=\"article\" \/>\n<meta property=\"og:title\" content=\"Testimonials - inov-On Exp\u00e9rience\" \/>\n<meta property=\"og:description\" content=\"Dans le domaine des t\u00e9l\u00e9coms, les choses vont tr\u00e8s vite et il nous faut savoir nous adapter et r\u00e9agir tr\u00e8s rapidement face aux enjeux business du moment. Pour cela, il nous faut embarquer tout le monde et \u00e0 tous les niveaux de la hi\u00e9rarchie, en osant aller beaucoup plus loin dans la co construction.J\u2019ai rencontr\u00e9 [&hellip;]\" \/>\n<meta property=\"og:url\" content=\"https:\/\/www.inov-on-experience.fr\/en\/testimonials\/\" \/>\n<meta property=\"og:site_name\" content=\"inov-On Exp\u00e9rience\" \/>\n<meta property=\"article:publisher\" content=\"https:\/\/www.facebook.com\/InovOnExperience\/\" \/>\n<meta property=\"article:modified_time\" content=\"2023-03-08T09:28:55+00:00\" \/>\n<meta property=\"og:image\" content=\"https:\/\/www.inov-on-experience.fr\/wp-content\/uploads\/2020\/09\/Nejma-Ouadi-214x300.png\" \/>\n<meta name=\"twitter:card\" content=\"summary_large_image\" \/>\n<meta name=\"twitter:site\" content=\"@inovOnExp\" \/>\n<meta name=\"twitter:label1\" content=\"Est. reading time\" \/>\n\t<meta name=\"twitter:data1\" content=\"50 minutes\" \/>\n<script type=\"application\/ld+json\" class=\"yoast-schema-graph\">{\"@context\":\"https:\\\/\\\/schema.org\",\"@graph\":[{\"@type\":\"WebPage\",\"@id\":\"https:\\\/\\\/www.inov-on-experience.fr\\\/en\\\/testimonials\\\/\",\"url\":\"https:\\\/\\\/www.inov-on-experience.fr\\\/en\\\/testimonials\\\/\",\"name\":\"Testimonials - inov-On Exp\u00e9rience\",\"isPartOf\":{\"@id\":\"https:\\\/\\\/www.inov-on-experience.fr\\\/en\\\/#website\"},\"primaryImageOfPage\":{\"@id\":\"https:\\\/\\\/www.inov-on-experience.fr\\\/en\\\/testimonials\\\/#primaryimage\"},\"image\":{\"@id\":\"https:\\\/\\\/www.inov-on-experience.fr\\\/en\\\/testimonials\\\/#primaryimage\"},\"thumbnailUrl\":\"https:\\\/\\\/www.inov-on-experience.fr\\\/wp-content\\\/uploads\\\/2020\\\/09\\\/Nejma-Ouadi-214x300.png\",\"datePublished\":\"2020-08-28T13:07:33+00:00\",\"dateModified\":\"2023-03-08T09:28:55+00:00\",\"breadcrumb\":{\"@id\":\"https:\\\/\\\/www.inov-on-experience.fr\\\/en\\\/testimonials\\\/#breadcrumb\"},\"inLanguage\":\"en-US\",\"potentialAction\":[{\"@type\":\"ReadAction\",\"target\":[\"https:\\\/\\\/www.inov-on-experience.fr\\\/en\\\/testimonials\\\/\"]}]},{\"@type\":\"ImageObject\",\"inLanguage\":\"en-US\",\"@id\":\"https:\\\/\\\/www.inov-on-experience.fr\\\/en\\\/testimonials\\\/#primaryimage\",\"url\":\"https:\\\/\\\/www.inov-on-experience.fr\\\/wp-content\\\/uploads\\\/2020\\\/09\\\/Nejma-Ouadi-214x300.png\",\"contentUrl\":\"https:\\\/\\\/www.inov-on-experience.fr\\\/wp-content\\\/uploads\\\/2020\\\/09\\\/Nejma-Ouadi-214x300.png\"},{\"@type\":\"BreadcrumbList\",\"@id\":\"https:\\\/\\\/www.inov-on-experience.fr\\\/en\\\/testimonials\\\/#breadcrumb\",\"itemListElement\":[{\"@type\":\"ListItem\",\"position\":1,\"name\":\"Home\",\"item\":\"https:\\\/\\\/www.inov-on-experience.fr\\\/en\\\/\"},{\"@type\":\"ListItem\",\"position\":2,\"name\":\"Testimonials\"}]},{\"@type\":\"WebSite\",\"@id\":\"https:\\\/\\\/www.inov-on-experience.fr\\\/en\\\/#website\",\"url\":\"https:\\\/\\\/www.inov-on-experience.fr\\\/en\\\/\",\"name\":\"inov-On Exp\u00e9rience - Transformation manag\u00e9riale\",\"description\":\"Corporate power revealer\",\"publisher\":{\"@id\":\"https:\\\/\\\/www.inov-on-experience.fr\\\/en\\\/#organization\"},\"potentialAction\":[{\"@type\":\"SearchAction\",\"target\":{\"@type\":\"EntryPoint\",\"urlTemplate\":\"https:\\\/\\\/www.inov-on-experience.fr\\\/en\\\/?s={search_term_string}\"},\"query-input\":{\"@type\":\"PropertyValueSpecification\",\"valueRequired\":true,\"valueName\":\"search_term_string\"}}],\"inLanguage\":\"en-US\"},{\"@type\":\"Organization\",\"@id\":\"https:\\\/\\\/www.inov-on-experience.fr\\\/en\\\/#organization\",\"name\":\"inov-On Exp\u00e9rience - Transformation manag\u00e9riale\",\"url\":\"https:\\\/\\\/www.inov-on-experience.fr\\\/en\\\/\",\"logo\":{\"@type\":\"ImageObject\",\"inLanguage\":\"en-US\",\"@id\":\"https:\\\/\\\/www.inov-on-experience.fr\\\/en\\\/#\\\/schema\\\/logo\\\/image\\\/\",\"url\":\"https:\\\/\\\/www.inov-on-experience.fr\\\/wp-content\\\/uploads\\\/2020\\\/08\\\/Logo-IOE-no-margin.png\",\"contentUrl\":\"https:\\\/\\\/www.inov-on-experience.fr\\\/wp-content\\\/uploads\\\/2020\\\/08\\\/Logo-IOE-no-margin.png\",\"width\":564,\"height\":409,\"caption\":\"inov-On Exp\u00e9rience - Transformation manag\u00e9riale\"},\"image\":{\"@id\":\"https:\\\/\\\/www.inov-on-experience.fr\\\/en\\\/#\\\/schema\\\/logo\\\/image\\\/\"},\"sameAs\":[\"https:\\\/\\\/www.facebook.com\\\/InovOnExperience\\\/\",\"https:\\\/\\\/x.com\\\/inovOnExp\",\"https:\\\/\\\/www.linkedin.com\\\/company\\\/inovon-experience\\\/\",\"https:\\\/\\\/www.youtube.com\\\/channel\\\/UCU2Erf4effI8_VuMJVJMTHA\",\"https:\\\/\\\/www.instagram.com\\\/citationsfeelgood\\\/\"]}]}<\/script>\n<!-- \/ Yoast SEO plugin. -->","yoast_head_json":{"title":"Testimonials - inov-On Exp\u00e9rience","robots":{"index":"index","follow":"follow","max-snippet":"max-snippet:-1","max-image-preview":"max-image-preview:large","max-video-preview":"max-video-preview:-1"},"canonical":"https:\/\/www.inov-on-experience.fr\/en\/testimonials\/","og_locale":"en_US","og_type":"article","og_title":"Testimonials - inov-On Exp\u00e9rience","og_description":"Dans le domaine des t\u00e9l\u00e9coms, les choses vont tr\u00e8s vite et il nous faut savoir nous adapter et r\u00e9agir tr\u00e8s rapidement face aux enjeux business du moment. Pour cela, il nous faut embarquer tout le monde et \u00e0 tous les niveaux de la hi\u00e9rarchie, en osant aller beaucoup plus loin dans la co construction.J\u2019ai rencontr\u00e9 [&hellip;]","og_url":"https:\/\/www.inov-on-experience.fr\/en\/testimonials\/","og_site_name":"inov-On Exp\u00e9rience","article_publisher":"https:\/\/www.facebook.com\/InovOnExperience\/","article_modified_time":"2023-03-08T09:28:55+00:00","og_image":[{"url":"https:\/\/www.inov-on-experience.fr\/wp-content\/uploads\/2020\/09\/Nejma-Ouadi-214x300.png","type":"","width":"","height":""}],"twitter_card":"summary_large_image","twitter_site":"@inovOnExp","twitter_misc":{"Est. reading time":"50 minutes"},"schema":{"@context":"https:\/\/schema.org","@graph":[{"@type":"WebPage","@id":"https:\/\/www.inov-on-experience.fr\/en\/testimonials\/","url":"https:\/\/www.inov-on-experience.fr\/en\/testimonials\/","name":"Testimonials - inov-On Exp\u00e9rience","isPartOf":{"@id":"https:\/\/www.inov-on-experience.fr\/en\/#website"},"primaryImageOfPage":{"@id":"https:\/\/www.inov-on-experience.fr\/en\/testimonials\/#primaryimage"},"image":{"@id":"https:\/\/www.inov-on-experience.fr\/en\/testimonials\/#primaryimage"},"thumbnailUrl":"https:\/\/www.inov-on-experience.fr\/wp-content\/uploads\/2020\/09\/Nejma-Ouadi-214x300.png","datePublished":"2020-08-28T13:07:33+00:00","dateModified":"2023-03-08T09:28:55+00:00","breadcrumb":{"@id":"https:\/\/www.inov-on-experience.fr\/en\/testimonials\/#breadcrumb"},"inLanguage":"en-US","potentialAction":[{"@type":"ReadAction","target":["https:\/\/www.inov-on-experience.fr\/en\/testimonials\/"]}]},{"@type":"ImageObject","inLanguage":"en-US","@id":"https:\/\/www.inov-on-experience.fr\/en\/testimonials\/#primaryimage","url":"https:\/\/www.inov-on-experience.fr\/wp-content\/uploads\/2020\/09\/Nejma-Ouadi-214x300.png","contentUrl":"https:\/\/www.inov-on-experience.fr\/wp-content\/uploads\/2020\/09\/Nejma-Ouadi-214x300.png"},{"@type":"BreadcrumbList","@id":"https:\/\/www.inov-on-experience.fr\/en\/testimonials\/#breadcrumb","itemListElement":[{"@type":"ListItem","position":1,"name":"Home","item":"https:\/\/www.inov-on-experience.fr\/en\/"},{"@type":"ListItem","position":2,"name":"Testimonials"}]},{"@type":"WebSite","@id":"https:\/\/www.inov-on-experience.fr\/en\/#website","url":"https:\/\/www.inov-on-experience.fr\/en\/","name":"inov-On Exp\u00e9rience - Transformation manag\u00e9riale","description":"Corporate power revealer","publisher":{"@id":"https:\/\/www.inov-on-experience.fr\/en\/#organization"},"potentialAction":[{"@type":"SearchAction","target":{"@type":"EntryPoint","urlTemplate":"https:\/\/www.inov-on-experience.fr\/en\/?s={search_term_string}"},"query-input":{"@type":"PropertyValueSpecification","valueRequired":true,"valueName":"search_term_string"}}],"inLanguage":"en-US"},{"@type":"Organization","@id":"https:\/\/www.inov-on-experience.fr\/en\/#organization","name":"inov-On Exp\u00e9rience - Transformation manag\u00e9riale","url":"https:\/\/www.inov-on-experience.fr\/en\/","logo":{"@type":"ImageObject","inLanguage":"en-US","@id":"https:\/\/www.inov-on-experience.fr\/en\/#\/schema\/logo\/image\/","url":"https:\/\/www.inov-on-experience.fr\/wp-content\/uploads\/2020\/08\/Logo-IOE-no-margin.png","contentUrl":"https:\/\/www.inov-on-experience.fr\/wp-content\/uploads\/2020\/08\/Logo-IOE-no-margin.png","width":564,"height":409,"caption":"inov-On Exp\u00e9rience - Transformation manag\u00e9riale"},"image":{"@id":"https:\/\/www.inov-on-experience.fr\/en\/#\/schema\/logo\/image\/"},"sameAs":["https:\/\/www.facebook.com\/InovOnExperience\/","https:\/\/x.com\/inovOnExp","https:\/\/www.linkedin.com\/company\/inovon-experience\/","https:\/\/www.youtube.com\/channel\/UCU2Erf4effI8_VuMJVJMTHA","https:\/\/www.instagram.com\/citationsfeelgood\/"]}]}},"_links":{"self":[{"href":"https:\/\/www.inov-on-experience.fr\/en\/wp-json\/wp\/v2\/pages\/14132","targetHints":{"allow":["GET"]}}],"collection":[{"href":"https:\/\/www.inov-on-experience.fr\/en\/wp-json\/wp\/v2\/pages"}],"about":[{"href":"https:\/\/www.inov-on-experience.fr\/en\/wp-json\/wp\/v2\/types\/page"}],"author":[{"embeddable":true,"href":"https:\/\/www.inov-on-experience.fr\/en\/wp-json\/wp\/v2\/users\/1"}],"replies":[{"embeddable":true,"href":"https:\/\/www.inov-on-experience.fr\/en\/wp-json\/wp\/v2\/comments?post=14132"}],"version-history":[{"count":0,"href":"https:\/\/www.inov-on-experience.fr\/en\/wp-json\/wp\/v2\/pages\/14132\/revisions"}],"wp:attachment":[{"href":"https:\/\/www.inov-on-experience.fr\/en\/wp-json\/wp\/v2\/media?parent=14132"}],"curies":[{"name":"wp","href":"https:\/\/api.w.org\/{rel}","templated":true}]}}